{"id":815,"date":"2023-11-03T12:20:23","date_gmt":"2023-11-03T16:20:23","guid":{"rendered":"https:\/\/topo.art\/chantier\/?post_type=programmation&#038;p=815"},"modified":"2024-10-02T14:07:51","modified_gmt":"2024-10-02T18:07:51","slug":"aleas-echos-et-reflets-des-eolithes-cleo-palacio-quintin","status":"publish","type":"programmation","link":"https:\/\/topo.art\/en\/programmation\/aleas-echos-et-reflets-des-eolithes-cleo-palacio-quintin\/","title":{"rendered":"<em>AL\u00c9AS : \u00c9chos et reflets des \u00e9olithes\u200b<\/em> | Cl\u00e9o Palacio-Quintin"},"content":{"rendered":"<div data-elementor-type=\"wp-post\" data-elementor-id=\"815\" class=\"elementor elementor-815\" data-elementor-post-type=\"programmation\">\n\t\t\t\t<div class=\"elementor-element elementor-element-5d1cefd3 e-flex e-con-boxed e-con e-parent\" data-id=\"5d1cefd3\" data-element_type=\"container\">\n\t\t\t\t\t<div class=\"e-con-inner\">\n\t\t\t\t<div class=\"elementor-element elementor-element-c731126 elementor-widget elementor-widget-text-editor\" data-id=\"c731126\" data-element_type=\"widget\" data-widget_type=\"text-editor.default\">\n\t\t\t\t<div class=\"elementor-widget-container\">\n\t\t\t\t\t\t\t\t\t<p><b>For its final <a href=\"https:\/\/topo.art\/en\/a-propos\/la-vitrine\/\" target=\"_blank\" rel=\"noopener\">Vitrine<\/a> exhibition of 2023, TOPO announces a poetic work that gives voice to rocks chosen or imagined by Cl\u00e9o-Palacio Quintin. At the launch on Friday November 3, the Quatuor Bozzini, who created the music for the project, will be invited to interpret the musical voice of a few rocks chosen by the public. Poet Thierry Dimanche, who wrote the poetic excerpts for the work, will in turn recite some of his own texts.<\/b><\/p><p><em>AL\u00c9AS<\/em> is a cycle of transdisciplinary creations combining the music and images (drawings, collages, objects, photographs, videos) of Cl\u00e9o Palacio-Quintin with the poetry of Thierry Dimanche. The variations on matter presented in this kaleidoscopic object help to blur the boundaries between reality, illusion and the imaginary.<\/p><p>Eoliths (\"dawn stones\") are unusual flint fragments found in the geological strata of the Tertiary Era. When they were discovered in 1867, the impression that they had been fashioned by hand led to the belief that they were primitive tools used by humans (who would then have appeared more than 5 million years ago!) Doubt and debate persisted for a long time among anthropologists and geologists, until it was confirmed that they were indeed the product of natural phenomena.<\/p><p>The installation allows us to explore an imaginary world, featuring a panoply of eoliths, as created or chosen by Cl\u00e9o. Each object has its own poetic voice and music performed by the Quatuor Bozzini.<\/p><p>This installation is part of the development process for a tablet application comprising a dozen interactive musical and poetic scenes, of which <em>\u00c9chos et reflets des \u00e9olithes<\/em> is one.<\/p><p>The artist would like to thank the Conseil des arts et des lettres du Qu\u00e9bec and the Canada Council for the Arts for their support, as well as TOPO for supporting the development of the application.<\/p><p>\u00a0<\/p>\t\t\t\t\t\t\t\t<\/div>\n\t\t\t\t<\/div>\n\t\t\t\t<div class=\"elementor-element elementor-element-27554aa3 elementor-grid-1 elementor-grid-tablet-2 elementor-grid-mobile-1 elementor-widget elementor-widget-loop-grid\" data-id=\"27554aa3\" data-element_type=\"widget\" data-settings=\"{&quot;template_id&quot;:&quot;417&quot;,&quot;columns&quot;:1,&quot;_skin&quot;:&quot;post&quot;,&quot;columns_tablet&quot;:&quot;2&quot;,&quot;columns_mobile&quot;:&quot;1&quot;,&quot;edit_handle_selector&quot;:&quot;[data-elementor-type=\\&quot;loop-item\\&quot;]&quot;,&quot;row_gap&quot;:{&quot;unit&quot;:&quot;px&quot;,&quot;size&quot;:&quot;&quot;,&quot;sizes&quot;:[]},&quot;row_gap_tablet&quot;:{&quot;unit&quot;:&quot;px&quot;,&quot;size&quot;:&quot;&quot;,&quot;sizes&quot;:[]},&quot;row_gap_mobile&quot;:{&quot;unit&quot;:&quot;px&quot;,&quot;size&quot;:&quot;&quot;,&quot;sizes&quot;:[]}}\" data-widget_type=\"loop-grid.post\">\n\t\t\t\t<div class=\"elementor-widget-container\">\n\t\t\t\t\t\t\t<div class=\"elementor-loop-container elementor-grid\">\n\t\t<style id=\"loop-417\">.elementor-417 .elementor-element.elementor-element-8bd6b09{--display:flex;--flex-direction:row;--container-widget-width:calc( ( 1 - var( --container-widget-flex-grow ) ) * 100% );--container-widget-height:100%;--container-widget-flex-grow:1;--container-widget-align-self:stretch;--flex-wrap-mobile:wrap;--align-items:center;--margin-top:0px;--margin-bottom:30px;--margin-left:0px;--margin-right:0px;}.elementor-417 .elementor-element.elementor-element-216708d{--display:flex;--justify-content:center;--align-items:center;--container-widget-width:calc( ( 1 - var( --container-widget-flex-grow ) ) * 100% );--gap:0px 0px;--row-gap:0px;--column-gap:0px;}.elementor-417 .elementor-element.elementor-element-9b68b46 > .elementor-widget-container{margin:0px 0px 0px 0px;padding:0px 0px 0px 0px;}.elementor-417 .elementor-element.elementor-element-9b68b46 img{border-radius:500px 500px 500px 500px;}.elementor-417 .elementor-element.elementor-element-28b2552{--display:flex;--position:absolute;--gap:0px 0px;--row-gap:0px;--column-gap:0px;--margin-top:0px;--margin-bottom:0px;--margin-left:0px;--margin-right:0px;--padding-top:00px;--padding-bottom:0px;--padding-left:0px;--padding-right:0px;bottom:0px;}.elementor-417 .elementor-element.elementor-element-28b2552:not(.elementor-motion-effects-element-type-background), .elementor-417 .elementor-element.elementor-element-28b2552 > .elementor-motion-effects-container > .elementor-motion-effects-layer{background-color:#FFFFFFAD;}body:not(.rtl) .elementor-417 .elementor-element.elementor-element-28b2552{left:0px;}body.rtl .elementor-417 .elementor-element.elementor-element-28b2552{right:0px;}.elementor-417 .elementor-element.elementor-element-36e64f0 > .elementor-widget-container{margin:0px 0px 0px 0px;padding:0px 0px 0px 0px;}.elementor-417 .elementor-element.elementor-element-36e64f0{text-align:center;}.elementor-417 .elementor-element.elementor-element-f5159dd{--display:flex;--gap:10px 10px;--row-gap:10px;--column-gap:10px;--padding-top:0px;--padding-bottom:0px;--padding-left:0px;--padding-right:0px;}.elementor-417 .elementor-element.elementor-element-6f0b7fac{--display:flex;}.elementor-417 .elementor-element.elementor-element-45b9685c{columns:1;text-align:left;}@media(min-width:768px){.elementor-417 .elementor-element.elementor-element-216708d{--width:21.875em;}.elementor-417 .elementor-element.elementor-element-6f0b7fac{--content-width:1000px;}}<\/style>\t\t<div data-elementor-type=\"loop-item\" data-elementor-id=\"417\" class=\"elementor elementor-417 e-loop-item e-loop-item-3033 post-3033 artiste type-artiste status-publish has-post-thumbnail hentry categorie-artiste-artiste\" data-elementor-post-type=\"elementor_library\" data-custom-edit-handle=\"1\">\n\t\t\t<div class=\"elementor-element elementor-element-8bd6b09 e-flex e-con-boxed e-con e-parent\" data-id=\"8bd6b09\" data-element_type=\"container\">\n\t\t\t\t\t<div class=\"e-con-inner\">\n\t\t<div class=\"elementor-element elementor-element-216708d e-con-full e-flex e-con e-child\" data-id=\"216708d\" data-element_type=\"container\">\n\t\t\t\t<div class=\"elementor-element elementor-element-9b68b46 photo elementor-widget elementor-widget-theme-post-featured-image elementor-widget-image\" data-id=\"9b68b46\" data-element_type=\"widget\" data-widget_type=\"theme-post-featured-image.default\">\n\t\t\t\t<div class=\"elementor-widget-container\">\n\t\t\t\t\t\t\t\t\t\t\t\t\t\t\t\t<a href=\"https:\/\/topo.art\/en\/artiste\/quatuor-bozzini\/\">\n\t\t\t\t\t\t\t<img decoding=\"async\" src=\"https:\/\/i0.wp.com\/topo.art\/chantier\/wp-content\/uploads\/2024\/05\/quatuorbozzini_credit_Michael_Slobodian.jpeg?fit=350%2C350&#038;ssl=1\" title=\"Portrait Quatuor Bozzini &#8211; Credit : Michael Slobodian\" alt=\"Portrait Quatuor Bozzini - Credit : Michael Slobodian\" loading=\"lazy\" \/>\t\t\t\t\t\t\t\t<\/a>\n\t\t\t\t\t\t\t\t\t\t\t\t\t\t\t<\/div>\n\t\t\t\t<\/div>\n\t\t<div class=\"elementor-element elementor-element-28b2552 e-con-full credit-photo e-flex e-con e-child\" data-id=\"28b2552\" data-element_type=\"container\" data-settings=\"{&quot;background_background&quot;:&quot;classic&quot;,&quot;position&quot;:&quot;absolute&quot;}\">\n\t\t\t\t<div class=\"elementor-element elementor-element-36e64f0 elementor-widget elementor-widget-text-editor\" data-id=\"36e64f0\" data-element_type=\"widget\" data-widget_type=\"text-editor.default\">\n\t\t\t\t<div class=\"elementor-widget-container\">\n\t\t\t\t\t\t\t\t\t<p>Photo credit :<br>Michael Slobodian<br>&nbsp;<\/p>\t\t\t\t\t\t\t\t<\/div>\n\t\t\t\t<\/div>\n\t\t\t\t<\/div>\n\t\t\t\t<\/div>\n\t\t<div class=\"elementor-element elementor-element-f5159dd e-flex e-con-boxed e-con e-child\" data-id=\"f5159dd\" data-element_type=\"container\">\n\t\t\t\t\t<div class=\"e-con-inner\">\n\t\t\t\t<div class=\"elementor-element elementor-element-21af79c elementor-widget elementor-widget-theme-post-title elementor-page-title elementor-widget-heading\" data-id=\"21af79c\" data-element_type=\"widget\" data-widget_type=\"theme-post-title.default\">\n\t\t\t\t<div class=\"elementor-widget-container\">\n\t\t\t\t\t<h1 class=\"elementor-heading-title elementor-size-default\">Quatuor Bozzini<\/h1>\t\t\t\t<\/div>\n\t\t\t\t<\/div>\n\t\t\t\t<div class=\"elementor-element elementor-element-88c3b2b liens-artistes elementor-widget elementor-widget-shortcode\" data-id=\"88c3b2b\" data-element_type=\"widget\" data-widget_type=\"shortcode.default\">\n\t\t\t\t<div class=\"elementor-widget-container\">\n\t\t\t\t\t\t\t<div class=\"elementor-shortcode\"><a target=\"_blank\" href=\"https:\/\/quatuorbozzini.ca\/\">quatuorbozzini.ca<\/a><\/div>\n\t\t\t\t\t\t<\/div>\n\t\t\t\t<\/div>\n\t\t\t\t\t<\/div>\n\t\t\t\t<\/div>\n\t\t\t\t\t<\/div>\n\t\t\t\t<\/div>\n\t\t<div class=\"elementor-element elementor-element-6f0b7fac e-flex e-con-boxed e-con e-parent\" data-id=\"6f0b7fac\" data-element_type=\"container\">\n\t\t\t\t\t<div class=\"e-con-inner\">\n\t\t\t\t<div class=\"elementor-element elementor-element-45b9685c elementor-widget elementor-widget-text-editor\" data-id=\"45b9685c\" data-element_type=\"widget\" data-widget_type=\"text-editor.default\">\n\t\t\t\t<div class=\"elementor-widget-container\">\n\t\t\t\t\t\t\t\t\tQuatuor Bozzini has been an original voice and strong advocate in new, experimental and classical music since 1999.\u202fDriving the hyper-creative Montr\u00e9al scene and beyond, the quartet cultivates an ethos of risk-taking, experimentation, and collaboration, venturing boldly off the beaten track. With a rigorous eye for quality, they have nurtured a rich and diverse repertoire, regardless of trends. This has led to over 400 commissioned pieces, and some\u202f500 premiered works. Their open, collaborative, artist-led approach has resulted in the realisation of numerous innovative and highly-praised productions, including inter-disciplinary projects with video, theatre and dance.\t\t\t\t\t\t\t\t<\/div>\n\t\t\t\t<\/div>\n\t\t\t\t\t<\/div>\n\t\t\t\t<\/div>\n\t\t\t\t<\/div>\n\t\t\t\t<div data-elementor-type=\"loop-item\" data-elementor-id=\"417\" class=\"elementor elementor-417 e-loop-item e-loop-item-2966 post-2966 artiste type-artiste status-publish has-post-thumbnail hentry categorie-artiste-artiste\" data-elementor-post-type=\"elementor_library\" data-custom-edit-handle=\"1\">\n\t\t\t<div class=\"elementor-element elementor-element-8bd6b09 e-flex e-con-boxed e-con e-parent\" data-id=\"8bd6b09\" data-element_type=\"container\">\n\t\t\t\t\t<div class=\"e-con-inner\">\n\t\t<div class=\"elementor-element elementor-element-216708d e-con-full e-flex e-con e-child\" data-id=\"216708d\" data-element_type=\"container\">\n\t\t\t\t<div class=\"elementor-element elementor-element-9b68b46 photo elementor-widget elementor-widget-theme-post-featured-image elementor-widget-image\" data-id=\"9b68b46\" data-element_type=\"widget\" data-widget_type=\"theme-post-featured-image.default\">\n\t\t\t\t<div class=\"elementor-widget-container\">\n\t\t\t\t\t\t\t\t\t\t\t\t\t\t\t\t<a href=\"https:\/\/topo.art\/en\/artiste\/thierry-dimanche\/\">\n\t\t\t\t\t\t\t<img decoding=\"async\" src=\"https:\/\/i0.wp.com\/topo.art\/chantier\/wp-content\/uploads\/2024\/05\/portrait_thierry-dimanche_credit_rico-michel.jpeg?fit=350%2C350&#038;ssl=1\" title=\"Portrait Thierry Dimanche Cr\u00e9dit Rico Michel\" alt=\"Portrait Thierry Dimanche\" loading=\"lazy\" \/>\t\t\t\t\t\t\t\t<\/a>\n\t\t\t\t\t\t\t\t\t\t\t\t\t\t\t<\/div>\n\t\t\t\t<\/div>\n\t\t<div class=\"elementor-element elementor-element-28b2552 e-con-full credit-photo e-flex e-con e-child\" data-id=\"28b2552\" data-element_type=\"container\" data-settings=\"{&quot;background_background&quot;:&quot;classic&quot;,&quot;position&quot;:&quot;absolute&quot;}\">\n\t\t\t\t<div class=\"elementor-element elementor-element-36e64f0 elementor-widget elementor-widget-text-editor\" data-id=\"36e64f0\" data-element_type=\"widget\" data-widget_type=\"text-editor.default\">\n\t\t\t\t<div class=\"elementor-widget-container\">\n\t\t\t\t\t\t\t\t\t<p>Photo credit :<br>Rico Michel<br>&nbsp;<\/p>\t\t\t\t\t\t\t\t<\/div>\n\t\t\t\t<\/div>\n\t\t\t\t<\/div>\n\t\t\t\t<\/div>\n\t\t<div class=\"elementor-element elementor-element-f5159dd e-flex e-con-boxed e-con e-child\" data-id=\"f5159dd\" data-element_type=\"container\">\n\t\t\t\t\t<div class=\"e-con-inner\">\n\t\t\t\t<div class=\"elementor-element elementor-element-21af79c elementor-widget elementor-widget-theme-post-title elementor-page-title elementor-widget-heading\" data-id=\"21af79c\" data-element_type=\"widget\" data-widget_type=\"theme-post-title.default\">\n\t\t\t\t<div class=\"elementor-widget-container\">\n\t\t\t\t\t<h1 class=\"elementor-heading-title elementor-size-default\">Thierry Dimanche<\/h1>\t\t\t\t<\/div>\n\t\t\t\t<\/div>\n\t\t\t\t<div class=\"elementor-element elementor-element-88c3b2b liens-artistes elementor-widget elementor-widget-shortcode\" data-id=\"88c3b2b\" data-element_type=\"widget\" data-widget_type=\"shortcode.default\">\n\t\t\t\t<div class=\"elementor-widget-container\">\n\t\t\t\t\t\t\t<div class=\"elementor-shortcode\"><a target=\"_blank\" href=\"http:\/\/www.lemeac.com\/auteurs\/1781-thierry-dimanche.html\">lemeac.com<\/a><\/div>\n\t\t\t\t\t\t<\/div>\n\t\t\t\t<\/div>\n\t\t\t\t\t<\/div>\n\t\t\t\t<\/div>\n\t\t\t\t\t<\/div>\n\t\t\t\t<\/div>\n\t\t<div class=\"elementor-element elementor-element-6f0b7fac e-flex e-con-boxed e-con e-parent\" data-id=\"6f0b7fac\" data-element_type=\"container\">\n\t\t\t\t\t<div class=\"e-con-inner\">\n\t\t\t\t<div class=\"elementor-element elementor-element-45b9685c elementor-widget elementor-widget-text-editor\" data-id=\"45b9685c\" data-element_type=\"widget\" data-widget_type=\"text-editor.default\">\n\t\t\t\t<div class=\"elementor-widget-container\">\n\t\t\t\t\t\t\t\t\tTrained in philosophy and literature, Thierry Dimanche has written several books of poetry since 2002. By turns critic, literary director and teacher, he's involving in various hybrid literary events, often in a musical context. In 2008-2010, he took part in the VSUP (Veuillez signaler un po\u00e8me) project, a collaboration between five writers and five contemporary composers. He appears on the sound poetry compilations VQQV and Des monstres dans la gorge (Actuelle CD), and been part of the poetry-metal collective POMME (2012-2014). In 2015, his book Le milieu de partout (ed. Prise de parole) was awarded the Prix Champlain. With composer Robert Lemay, he worked on Deux mille m\u00e8tres sous terre, including a recording made in Sudbury's underground particle observatory. In 2019, he published the mycological novel Cercles de feu (ed. le Quartanier), followed in 2022 by a paradoxical posthumous autobiography entitled Tombeau de Claude Gauvreau (ed. Lem\u00e9ac).\t\t\t\t\t\t\t\t<\/div>\n\t\t\t\t<\/div>\n\t\t\t\t\t<\/div>\n\t\t\t\t<\/div>\n\t\t\t\t<\/div>\n\t\t\t\t<div data-elementor-type=\"loop-item\" data-elementor-id=\"417\" class=\"elementor elementor-417 e-loop-item e-loop-item-391 post-391 artiste type-artiste status-publish has-post-thumbnail hentry categorie-artiste-artiste categorie-artiste-membre\" data-elementor-post-type=\"elementor_library\" data-custom-edit-handle=\"1\">\n\t\t\t<div class=\"elementor-element elementor-element-8bd6b09 e-flex e-con-boxed e-con e-parent\" data-id=\"8bd6b09\" data-element_type=\"container\">\n\t\t\t\t\t<div class=\"e-con-inner\">\n\t\t<div class=\"elementor-element elementor-element-216708d e-con-full e-flex e-con e-child\" data-id=\"216708d\" data-element_type=\"container\">\n\t\t\t\t<div class=\"elementor-element elementor-element-9b68b46 photo elementor-widget elementor-widget-theme-post-featured-image elementor-widget-image\" data-id=\"9b68b46\" data-element_type=\"widget\" data-widget_type=\"theme-post-featured-image.default\">\n\t\t\t\t<div class=\"elementor-widget-container\">\n\t\t\t\t\t\t\t\t\t\t\t\t\t\t\t\t<a href=\"https:\/\/topo.art\/en\/artiste\/cleo-palacio-quintin\/\">\n\t\t\t\t\t\t\t<img decoding=\"async\" src=\"https:\/\/i0.wp.com\/topo.art\/chantier\/wp-content\/uploads\/2024\/01\/PortraitCleoPalacioQuintin_1x1.jpg?fit=350%2C350&#038;ssl=1\" title=\"Portrait de Cl\u00e9o Palacio-Quintin en 2023, pris \u00e0 TOPO &#8211; Centre de cr\u00e9ation num\u00e9rique\" alt=\"Femme souriante devant un fond noir\" loading=\"lazy\" \/>\t\t\t\t\t\t\t\t<\/a>\n\t\t\t\t\t\t\t\t\t\t\t\t\t\t\t<\/div>\n\t\t\t\t<\/div>\n\t\t<div class=\"elementor-element elementor-element-28b2552 e-con-full credit-photo e-flex e-con e-child\" data-id=\"28b2552\" data-element_type=\"container\" data-settings=\"{&quot;background_background&quot;:&quot;classic&quot;,&quot;position&quot;:&quot;absolute&quot;}\">\n\t\t\t\t<\/div>\n\t\t\t\t<\/div>\n\t\t<div class=\"elementor-element elementor-element-f5159dd e-flex e-con-boxed e-con e-child\" data-id=\"f5159dd\" data-element_type=\"container\">\n\t\t\t\t\t<div class=\"e-con-inner\">\n\t\t\t\t<div class=\"elementor-element elementor-element-21af79c elementor-widget elementor-widget-theme-post-title elementor-page-title elementor-widget-heading\" data-id=\"21af79c\" data-element_type=\"widget\" data-widget_type=\"theme-post-title.default\">\n\t\t\t\t<div class=\"elementor-widget-container\">\n\t\t\t\t\t<h1 class=\"elementor-heading-title elementor-size-default\">Cl\u00e9o Palacio-Quintin<\/h1>\t\t\t\t<\/div>\n\t\t\t\t<\/div>\n\t\t\t\t<div class=\"elementor-element elementor-element-88c3b2b liens-artistes elementor-widget elementor-widget-shortcode\" data-id=\"88c3b2b\" data-element_type=\"widget\" data-widget_type=\"shortcode.default\">\n\t\t\t\t<div class=\"elementor-widget-container\">\n\t\t\t\t\t\t\t<div class=\"elementor-shortcode\"><a target=\"_blank\" href=\"http:\/\/vimeo.com\/cleopq\">Vimeo<\/a> | <a target=\"_blank\" href=\"https:\/\/soundcloud.com\/cleopq\">Soundcloud<\/a> | <a target=\"_blank\" href=\"https:\/\/actuellecd.com\/en\/artiste\/betalyrae_\/Beta_Lyr%C3%A6\">Beta Lyr\u00e6<\/a><\/div>\n\t\t\t\t\t\t<\/div>\n\t\t\t\t<\/div>\n\t\t\t\t\t<\/div>\n\t\t\t\t<\/div>\n\t\t\t\t\t<\/div>\n\t\t\t\t<\/div>\n\t\t<div class=\"elementor-element elementor-element-6f0b7fac e-flex e-con-boxed e-con e-parent\" data-id=\"6f0b7fac\" data-element_type=\"container\">\n\t\t\t\t\t<div class=\"e-con-inner\">\n\t\t\t\t<div class=\"elementor-element elementor-element-45b9685c elementor-widget elementor-widget-text-editor\" data-id=\"45b9685c\" data-element_type=\"widget\" data-widget_type=\"text-editor.default\">\n\t\t\t\t<div class=\"elementor-widget-container\">\n\t\t\t\t\t\t\t\t\tTransdisciplinary artist eager to create, flutist-improviser-composer Cl\u00e9o Palacio-Quintin (1971) takes part in numerous premieres as well as improvisational multidisciplinary performances and composes instrumental and electroacoustic music for various ensembles and media works. Her hyper-flutes, which she has been developing since 1999, allow her to compose interactive visual and electroacoustic landscapes with an embodied approach to electronic sensor technologies. In addition to her creative work, she performs regularly as a soloist an improviser, notably with Ensemble SuperMusique and the duo Beta Lyr\u00e6. Over the years, her works have been performed by herself or by various ensembles in several countries: Belgium, Canada, Denmark, France, Italy, Norway, Sweden, Switzerland, Netherlands, U.K., U.S.A.. She is the first women to obtain a Doctorate in Electroacoustic Composition from the Universit\u00e9 de Montr\u00e9al (2012) and is a collaborator of the Center for Interdisciplinary Research in Music Media and Technology (CIRMMT), where she received the Director's Interdisciplinary Excellence Prize 2008 in recognition of her having created an innovative bridge between scientific\/technological and artistic domains. Combining sounds, images and poetry, her works creates sensitive immersive ecosystems, which she invites listeners to discover.\t\t\t\t\t\t\t\t<\/div>\n\t\t\t\t<\/div>\n\t\t\t\t\t<\/div>\n\t\t\t\t<\/div>\n\t\t\t\t<\/div>\n\t\t\t\t<\/div>\n\t\t\n\t\t\t\t\t\t<\/div>\n\t\t\t\t<\/div>\n\t\t\t\t\t<\/div>\n\t\t\t\t<\/div>\n\t\t<div class=\"elementor-element elementor-element-43641a6 e-flex e-con-boxed e-con e-parent\" data-id=\"43641a6\" data-element_type=\"container\">\n\t\t\t\t\t<div class=\"e-con-inner\">\n\t\t\t\t<div class=\"elementor-element elementor-element-a6d63dd elementor-widget elementor-widget-spacer\" data-id=\"a6d63dd\" data-element_type=\"widget\" data-widget_type=\"spacer.default\">\n\t\t\t\t<div class=\"elementor-widget-container\">\n\t\t\t\t\t\t\t<div class=\"elementor-spacer\">\n\t\t\t<div class=\"elementor-spacer-inner\"><\/div>\n\t\t<\/div>\n\t\t\t\t\t\t<\/div>\n\t\t\t\t<\/div>\n\t\t\t\t<div class=\"elementor-element elementor-element-2761cf31 elementor-widget elementor-widget-heading\" data-id=\"2761cf31\" data-element_type=\"widget\" data-widget_type=\"heading.default\">\n\t\t\t\t<div class=\"elementor-widget-container\">\n\t\t\t\t\t<h2 class=\"elementor-heading-title elementor-size-default\">In Pictures<\/h2>\t\t\t\t<\/div>\n\t\t\t\t<\/div>\n\t\t\t\t<div class=\"elementor-element elementor-element-73baf1a elementor-widget elementor-widget-gallery\" data-id=\"73baf1a\" data-element_type=\"widget\" data-settings=\"{&quot;columns_tablet&quot;:3,&quot;columns_mobile&quot;:2,&quot;gallery_layout&quot;:&quot;grid&quot;,&quot;columns&quot;:4,&quot;gap&quot;:{&quot;unit&quot;:&quot;px&quot;,&quot;size&quot;:10,&quot;sizes&quot;:[]},&quot;gap_tablet&quot;:{&quot;unit&quot;:&quot;px&quot;,&quot;size&quot;:10,&quot;sizes&quot;:[]},&quot;gap_mobile&quot;:{&quot;unit&quot;:&quot;px&quot;,&quot;size&quot;:10,&quot;sizes&quot;:[]},&quot;link_to&quot;:&quot;file&quot;,&quot;aspect_ratio&quot;:&quot;3:2&quot;,&quot;overlay_background&quot;:&quot;yes&quot;,&quot;content_hover_animation&quot;:&quot;fade-in&quot;}\" data-widget_type=\"gallery.default\">\n\t\t\t\t<div class=\"elementor-widget-container\">\n\t\t\t\t\t\t\t<div class=\"elementor-gallery__container\">\n\t\t\t\t\t\t\t<a class=\"e-gallery-item elementor-gallery-item elementor-animated-content\" href=\"https:\/\/i0.wp.com\/topo.art\/chantier\/wp-content\/uploads\/2024\/06\/vernissage-aleas-07.jpg?fit=1200%2C857&#038;ssl=1\" data-elementor-open-lightbox=\"yes\" data-elementor-lightbox-slideshow=\"73baf1a\" data-e-action-hash=\"#elementor-action%3Aaction%3Dlightbox%26settings%3DeyJpZCI6NTAyNSwidXJsIjoiaHR0cHM6XC9cL3RvcG8uYXJ0XC9jaGFudGllclwvd3AtY29udGVudFwvdXBsb2Fkc1wvMjAyNFwvMDZcL3Zlcm5pc3NhZ2UtYWxlYXMtMDcuanBnIiwic2xpZGVzaG93IjoiNzNiYWYxYSJ9\">\n\t\t\t\t\t<div class=\"e-gallery-image elementor-gallery-item__image\" data-thumbnail=\"https:\/\/i0.wp.com\/topo.art\/chantier\/wp-content\/uploads\/2024\/06\/vernissage-aleas-07.jpg?fit=300%2C214&amp;ssl=1\" data-width=\"300\" data-height=\"214\" aria-label=\"Exposition de Al\u00e9as, Cl\u00e9o Palacio Quintin, 2023 - Centre de cr\u00e9ation num\u00e9rique\" role=\"img\" ><\/div>\n\t\t\t\t\t\t\t\t\t\t\t<div class=\"elementor-gallery-item__overlay\"><\/div>\n\t\t\t\t\t\t\t\t\t\t\t\t\t\t<\/a>\n\t\t\t\t\t\t\t<a class=\"e-gallery-item elementor-gallery-item elementor-animated-content\" href=\"https:\/\/i0.wp.com\/topo.art\/chantier\/wp-content\/uploads\/2024\/06\/vernissage-aleas-14-2.jpg?fit=900%2C900&#038;ssl=1\" data-elementor-open-lightbox=\"yes\" data-elementor-lightbox-slideshow=\"73baf1a\" data-e-action-hash=\"#elementor-action%3Aaction%3Dlightbox%26settings%3DeyJpZCI6NTAyOSwidXJsIjoiaHR0cHM6XC9cL3RvcG8uYXJ0XC9jaGFudGllclwvd3AtY29udGVudFwvdXBsb2Fkc1wvMjAyNFwvMDZcL3Zlcm5pc3NhZ2UtYWxlYXMtMTQtMi5qcGciLCJzbGlkZXNob3ciOiI3M2JhZjFhIn0%3D\">\n\t\t\t\t\t<div class=\"e-gallery-image elementor-gallery-item__image\" data-thumbnail=\"https:\/\/i0.wp.com\/topo.art\/chantier\/wp-content\/uploads\/2024\/06\/vernissage-aleas-14-2.jpg?fit=300%2C300&amp;ssl=1\" data-width=\"300\" data-height=\"300\" aria-label=\"Exposition de Al\u00e9as, Cl\u00e9o Palacio Quintin, 2023 - Centre de cr\u00e9ation num\u00e9rique\" role=\"img\" ><\/div>\n\t\t\t\t\t\t\t\t\t\t\t<div class=\"elementor-gallery-item__overlay\"><\/div>\n\t\t\t\t\t\t\t\t\t\t\t\t\t\t<\/a>\n\t\t\t\t\t\t\t<a class=\"e-gallery-item elementor-gallery-item elementor-animated-content\" href=\"https:\/\/i0.wp.com\/topo.art\/chantier\/wp-content\/uploads\/2024\/06\/vernissage-aleas-08.jpg?fit=1200%2C857&#038;ssl=1\" data-elementor-open-lightbox=\"yes\" data-elementor-lightbox-slideshow=\"73baf1a\" data-e-action-hash=\"#elementor-action%3Aaction%3Dlightbox%26settings%3DeyJpZCI6NTAyNiwidXJsIjoiaHR0cHM6XC9cL3RvcG8uYXJ0XC9jaGFudGllclwvd3AtY29udGVudFwvdXBsb2Fkc1wvMjAyNFwvMDZcL3Zlcm5pc3NhZ2UtYWxlYXMtMDguanBnIiwic2xpZGVzaG93IjoiNzNiYWYxYSJ9\">\n\t\t\t\t\t<div class=\"e-gallery-image elementor-gallery-item__image\" data-thumbnail=\"https:\/\/i0.wp.com\/topo.art\/chantier\/wp-content\/uploads\/2024\/06\/vernissage-aleas-08.jpg?fit=300%2C214&amp;ssl=1\" data-width=\"300\" data-height=\"214\" aria-label=\"Exposition de Al\u00e9as, Cl\u00e9o Palacio Quintin, 2023 - Centre de cr\u00e9ation num\u00e9rique\" role=\"img\" ><\/div>\n\t\t\t\t\t\t\t\t\t\t\t<div class=\"elementor-gallery-item__overlay\"><\/div>\n\t\t\t\t\t\t\t\t\t\t\t\t\t\t<\/a>\n\t\t\t\t\t\t\t<a class=\"e-gallery-item elementor-gallery-item elementor-animated-content\" href=\"https:\/\/i0.wp.com\/topo.art\/chantier\/wp-content\/uploads\/2024\/06\/vernissage-aleas-03.jpg?fit=1200%2C857&#038;ssl=1\" data-elementor-open-lightbox=\"yes\" data-elementor-lightbox-slideshow=\"73baf1a\" data-e-action-hash=\"#elementor-action%3Aaction%3Dlightbox%26settings%3DeyJpZCI6NTAyMiwidXJsIjoiaHR0cHM6XC9cL3RvcG8uYXJ0XC9jaGFudGllclwvd3AtY29udGVudFwvdXBsb2Fkc1wvMjAyNFwvMDZcL3Zlcm5pc3NhZ2UtYWxlYXMtMDMuanBnIiwic2xpZGVzaG93IjoiNzNiYWYxYSJ9\">\n\t\t\t\t\t<div class=\"e-gallery-image elementor-gallery-item__image\" data-thumbnail=\"https:\/\/i0.wp.com\/topo.art\/chantier\/wp-content\/uploads\/2024\/06\/vernissage-aleas-03.jpg?fit=300%2C214&amp;ssl=1\" data-width=\"300\" data-height=\"214\" aria-label=\"Exposition de Al\u00e9as, Cl\u00e9o Palacio Quintin, 2023 - Centre de cr\u00e9ation num\u00e9rique\" role=\"img\" ><\/div>\n\t\t\t\t\t\t\t\t\t\t\t<div class=\"elementor-gallery-item__overlay\"><\/div>\n\t\t\t\t\t\t\t\t\t\t\t\t\t\t<\/a>\n\t\t\t\t\t\t\t<a class=\"e-gallery-item elementor-gallery-item elementor-animated-content\" href=\"https:\/\/i0.wp.com\/topo.art\/chantier\/wp-content\/uploads\/2024\/06\/vernissage-aleas-19.jpg?fit=900%2C900&#038;ssl=1\" data-elementor-open-lightbox=\"yes\" data-elementor-lightbox-slideshow=\"73baf1a\" data-e-action-hash=\"#elementor-action%3Aaction%3Dlightbox%26settings%3DeyJpZCI6NTAzMiwidXJsIjoiaHR0cHM6XC9cL3RvcG8uYXJ0XC9jaGFudGllclwvd3AtY29udGVudFwvdXBsb2Fkc1wvMjAyNFwvMDZcL3Zlcm5pc3NhZ2UtYWxlYXMtMTkuanBnIiwic2xpZGVzaG93IjoiNzNiYWYxYSJ9\">\n\t\t\t\t\t<div class=\"e-gallery-image elementor-gallery-item__image\" data-thumbnail=\"https:\/\/i0.wp.com\/topo.art\/chantier\/wp-content\/uploads\/2024\/06\/vernissage-aleas-19.jpg?fit=300%2C300&amp;ssl=1\" data-width=\"300\" data-height=\"300\" aria-label=\"Exposition de Al\u00e9as, Cl\u00e9o Palacio Quintin, 2023 - Centre de cr\u00e9ation num\u00e9rique\" role=\"img\" ><\/div>\n\t\t\t\t\t\t\t\t\t\t\t<div class=\"elementor-gallery-item__overlay\"><\/div>\n\t\t\t\t\t\t\t\t\t\t\t\t\t\t<\/a>\n\t\t\t\t\t\t\t<a class=\"e-gallery-item elementor-gallery-item elementor-animated-content\" href=\"https:\/\/i0.wp.com\/topo.art\/chantier\/wp-content\/uploads\/2024\/06\/vernissage-aleas-18.jpg?fit=900%2C900&#038;ssl=1\" data-elementor-open-lightbox=\"yes\" data-elementor-lightbox-slideshow=\"73baf1a\" data-e-action-hash=\"#elementor-action%3Aaction%3Dlightbox%26settings%3DeyJpZCI6NTAzMSwidXJsIjoiaHR0cHM6XC9cL3RvcG8uYXJ0XC9jaGFudGllclwvd3AtY29udGVudFwvdXBsb2Fkc1wvMjAyNFwvMDZcL3Zlcm5pc3NhZ2UtYWxlYXMtMTguanBnIiwic2xpZGVzaG93IjoiNzNiYWYxYSJ9\">\n\t\t\t\t\t<div class=\"e-gallery-image elementor-gallery-item__image\" data-thumbnail=\"https:\/\/i0.wp.com\/topo.art\/chantier\/wp-content\/uploads\/2024\/06\/vernissage-aleas-18.jpg?fit=300%2C300&amp;ssl=1\" data-width=\"300\" data-height=\"300\" aria-label=\"Exposition de Al\u00e9as, Cl\u00e9o Palacio Quintin, 2023 - Centre de cr\u00e9ation num\u00e9rique\" role=\"img\" ><\/div>\n\t\t\t\t\t\t\t\t\t\t\t<div class=\"elementor-gallery-item__overlay\"><\/div>\n\t\t\t\t\t\t\t\t\t\t\t\t\t\t<\/a>\n\t\t\t\t\t\t\t<a class=\"e-gallery-item elementor-gallery-item elementor-animated-content\" href=\"https:\/\/i0.wp.com\/topo.art\/chantier\/wp-content\/uploads\/2024\/06\/vernissage-aleas-17.jpg?fit=900%2C900&#038;ssl=1\" data-elementor-open-lightbox=\"yes\" data-elementor-lightbox-slideshow=\"73baf1a\" data-e-action-hash=\"#elementor-action%3Aaction%3Dlightbox%26settings%3DeyJpZCI6NTAzMCwidXJsIjoiaHR0cHM6XC9cL3RvcG8uYXJ0XC9jaGFudGllclwvd3AtY29udGVudFwvdXBsb2Fkc1wvMjAyNFwvMDZcL3Zlcm5pc3NhZ2UtYWxlYXMtMTcuanBnIiwic2xpZGVzaG93IjoiNzNiYWYxYSJ9\">\n\t\t\t\t\t<div class=\"e-gallery-image elementor-gallery-item__image\" data-thumbnail=\"https:\/\/i0.wp.com\/topo.art\/chantier\/wp-content\/uploads\/2024\/06\/vernissage-aleas-17.jpg?fit=300%2C300&amp;ssl=1\" data-width=\"300\" data-height=\"300\" aria-label=\"Exposition de Al\u00e9as, Cl\u00e9o Palacio Quintin, 2023 - Centre de cr\u00e9ation num\u00e9rique\" role=\"img\" ><\/div>\n\t\t\t\t\t\t\t\t\t\t\t<div class=\"elementor-gallery-item__overlay\"><\/div>\n\t\t\t\t\t\t\t\t\t\t\t\t\t\t<\/a>\n\t\t\t\t\t\t\t<a class=\"e-gallery-item elementor-gallery-item elementor-animated-content\" href=\"https:\/\/i0.wp.com\/topo.art\/chantier\/wp-content\/uploads\/2024\/06\/vernissage-aleas-05.jpg?fit=1200%2C857&#038;ssl=1\" data-elementor-open-lightbox=\"yes\" data-elementor-lightbox-slideshow=\"73baf1a\" data-e-action-hash=\"#elementor-action%3Aaction%3Dlightbox%26settings%3DeyJpZCI6NTAyNCwidXJsIjoiaHR0cHM6XC9cL3RvcG8uYXJ0XC9jaGFudGllclwvd3AtY29udGVudFwvdXBsb2Fkc1wvMjAyNFwvMDZcL3Zlcm5pc3NhZ2UtYWxlYXMtMDUuanBnIiwic2xpZGVzaG93IjoiNzNiYWYxYSJ9\">\n\t\t\t\t\t<div class=\"e-gallery-image elementor-gallery-item__image\" data-thumbnail=\"https:\/\/i0.wp.com\/topo.art\/chantier\/wp-content\/uploads\/2024\/06\/vernissage-aleas-05.jpg?fit=300%2C214&amp;ssl=1\" data-width=\"300\" data-height=\"214\" aria-label=\"Exposition de Al\u00e9as, Cl\u00e9o Palacio Quintin, 2023 - Centre de cr\u00e9ation num\u00e9rique\" role=\"img\" ><\/div>\n\t\t\t\t\t\t\t\t\t\t\t<div class=\"elementor-gallery-item__overlay\"><\/div>\n\t\t\t\t\t\t\t\t\t\t\t\t\t\t<\/a>\n\t\t\t\t\t\t\t<a class=\"e-gallery-item elementor-gallery-item elementor-animated-content\" href=\"https:\/\/i0.wp.com\/topo.art\/chantier\/wp-content\/uploads\/2024\/06\/vernissage-aleas-04.jpg?fit=1200%2C857&#038;ssl=1\" data-elementor-open-lightbox=\"yes\" data-elementor-lightbox-slideshow=\"73baf1a\" data-e-action-hash=\"#elementor-action%3Aaction%3Dlightbox%26settings%3DeyJpZCI6NTAyMywidXJsIjoiaHR0cHM6XC9cL3RvcG8uYXJ0XC9jaGFudGllclwvd3AtY29udGVudFwvdXBsb2Fkc1wvMjAyNFwvMDZcL3Zlcm5pc3NhZ2UtYWxlYXMtMDQuanBnIiwic2xpZGVzaG93IjoiNzNiYWYxYSJ9\">\n\t\t\t\t\t<div class=\"e-gallery-image elementor-gallery-item__image\" data-thumbnail=\"https:\/\/i0.wp.com\/topo.art\/chantier\/wp-content\/uploads\/2024\/06\/vernissage-aleas-04.jpg?fit=300%2C214&amp;ssl=1\" data-width=\"300\" data-height=\"214\" aria-label=\"Exposition de Al\u00e9as, Cl\u00e9o Palacio Quintin, 2023 - Centre de cr\u00e9ation num\u00e9rique\" role=\"img\" ><\/div>\n\t\t\t\t\t\t\t\t\t\t\t<div class=\"elementor-gallery-item__overlay\"><\/div>\n\t\t\t\t\t\t\t\t\t\t\t\t\t\t<\/a>\n\t\t\t\t\t\t\t<a class=\"e-gallery-item elementor-gallery-item elementor-animated-content\" href=\"https:\/\/i0.wp.com\/topo.art\/chantier\/wp-content\/uploads\/2024\/06\/vernissage-aleas-01.jpg?fit=1200%2C857&#038;ssl=1\" data-elementor-open-lightbox=\"yes\" data-elementor-lightbox-slideshow=\"73baf1a\" data-e-action-hash=\"#elementor-action%3Aaction%3Dlightbox%26settings%3DeyJpZCI6NTAyMCwidXJsIjoiaHR0cHM6XC9cL3RvcG8uYXJ0XC9jaGFudGllclwvd3AtY29udGVudFwvdXBsb2Fkc1wvMjAyNFwvMDZcL3Zlcm5pc3NhZ2UtYWxlYXMtMDEuanBnIiwic2xpZGVzaG93IjoiNzNiYWYxYSJ9\">\n\t\t\t\t\t<div class=\"e-gallery-image elementor-gallery-item__image\" data-thumbnail=\"https:\/\/i0.wp.com\/topo.art\/chantier\/wp-content\/uploads\/2024\/06\/vernissage-aleas-01.jpg?fit=300%2C214&amp;ssl=1\" data-width=\"300\" data-height=\"214\" aria-label=\"Exposition de Al\u00e9as, Cl\u00e9o Palacio Quintin, 2023 - Centre de cr\u00e9ation num\u00e9rique\" role=\"img\" ><\/div>\n\t\t\t\t\t\t\t\t\t\t\t<div class=\"elementor-gallery-item__overlay\"><\/div>\n\t\t\t\t\t\t\t\t\t\t\t\t\t\t<\/a>\n\t\t\t\t\t\t\t<a class=\"e-gallery-item elementor-gallery-item elementor-animated-content\" href=\"https:\/\/i0.wp.com\/topo.art\/chantier\/wp-content\/uploads\/2024\/06\/vitrine-aleas-full.jpg?fit=1200%2C675&#038;ssl=1\" data-elementor-open-lightbox=\"yes\" data-elementor-lightbox-slideshow=\"73baf1a\" data-e-action-hash=\"#elementor-action%3Aaction%3Dlightbox%26settings%3DeyJpZCI6NTAzMywidXJsIjoiaHR0cHM6XC9cL3RvcG8uYXJ0XC9jaGFudGllclwvd3AtY29udGVudFwvdXBsb2Fkc1wvMjAyNFwvMDZcL3ZpdHJpbmUtYWxlYXMtZnVsbC5qcGciLCJzbGlkZXNob3ciOiI3M2JhZjFhIn0%3D\">\n\t\t\t\t\t<div class=\"e-gallery-image elementor-gallery-item__image\" data-thumbnail=\"https:\/\/i0.wp.com\/topo.art\/chantier\/wp-content\/uploads\/2024\/06\/vitrine-aleas-full.jpg?fit=300%2C169&amp;ssl=1\" data-width=\"300\" data-height=\"169\" aria-label=\"Exposition de Al\u00e9as, Cl\u00e9o Palacio Quintin, 2023 - Centre de cr\u00e9ation num\u00e9rique\" role=\"img\" ><\/div>\n\t\t\t\t\t\t\t\t\t\t\t<div class=\"elementor-gallery-item__overlay\"><\/div>\n\t\t\t\t\t\t\t\t\t\t\t\t\t\t<\/a>\n\t\t\t\t\t\t\t<a class=\"e-gallery-item elementor-gallery-item elementor-animated-content\" href=\"https:\/\/i0.wp.com\/topo.art\/chantier\/wp-content\/uploads\/2024\/06\/vernissage-aleas-09.jpg?fit=1200%2C857&#038;ssl=1\" data-elementor-open-lightbox=\"yes\" data-elementor-lightbox-slideshow=\"73baf1a\" data-e-action-hash=\"#elementor-action%3Aaction%3Dlightbox%26settings%3DeyJpZCI6NTAyNywidXJsIjoiaHR0cHM6XC9cL3RvcG8uYXJ0XC9jaGFudGllclwvd3AtY29udGVudFwvdXBsb2Fkc1wvMjAyNFwvMDZcL3Zlcm5pc3NhZ2UtYWxlYXMtMDkuanBnIiwic2xpZGVzaG93IjoiNzNiYWYxYSJ9\">\n\t\t\t\t\t<div class=\"e-gallery-image elementor-gallery-item__image\" data-thumbnail=\"https:\/\/i0.wp.com\/topo.art\/chantier\/wp-content\/uploads\/2024\/06\/vernissage-aleas-09.jpg?fit=300%2C214&amp;ssl=1\" data-width=\"300\" data-height=\"214\" aria-label=\"Exposition de Al\u00e9as, Cl\u00e9o Palacio Quintin, 2023 - Centre de cr\u00e9ation num\u00e9rique\" role=\"img\" ><\/div>\n\t\t\t\t\t\t\t\t\t\t\t<div class=\"elementor-gallery-item__overlay\"><\/div>\n\t\t\t\t\t\t\t\t\t\t\t\t\t\t<\/a>\n\t\t\t\t\t\t\t<a class=\"e-gallery-item elementor-gallery-item elementor-animated-content\" href=\"https:\/\/i0.wp.com\/topo.art\/chantier\/wp-content\/uploads\/2024\/06\/vernissage-aleas-12.jpg?fit=1200%2C857&#038;ssl=1\" data-elementor-open-lightbox=\"yes\" data-elementor-lightbox-slideshow=\"73baf1a\" data-e-action-hash=\"#elementor-action%3Aaction%3Dlightbox%26settings%3DeyJpZCI6NTAyOCwidXJsIjoiaHR0cHM6XC9cL3RvcG8uYXJ0XC9jaGFudGllclwvd3AtY29udGVudFwvdXBsb2Fkc1wvMjAyNFwvMDZcL3Zlcm5pc3NhZ2UtYWxlYXMtMTIuanBnIiwic2xpZGVzaG93IjoiNzNiYWYxYSJ9\">\n\t\t\t\t\t<div class=\"e-gallery-image elementor-gallery-item__image\" data-thumbnail=\"https:\/\/i0.wp.com\/topo.art\/chantier\/wp-content\/uploads\/2024\/06\/vernissage-aleas-12.jpg?fit=300%2C214&amp;ssl=1\" data-width=\"300\" data-height=\"214\" aria-label=\"Exposition de Al\u00e9as, Cl\u00e9o Palacio Quintin, 2023 - Centre de cr\u00e9ation num\u00e9rique\" role=\"img\" ><\/div>\n\t\t\t\t\t\t\t\t\t\t\t<div class=\"elementor-gallery-item__overlay\"><\/div>\n\t\t\t\t\t\t\t\t\t\t\t\t\t\t<\/a>\n\t\t\t\t\t\t\t<a class=\"e-gallery-item elementor-gallery-item elementor-animated-content\" href=\"https:\/\/i0.wp.com\/topo.art\/chantier\/wp-content\/uploads\/2024\/06\/vernissage-aleas-02.jpg?fit=1200%2C857&#038;ssl=1\" data-elementor-open-lightbox=\"yes\" data-elementor-lightbox-slideshow=\"73baf1a\" data-e-action-hash=\"#elementor-action%3Aaction%3Dlightbox%26settings%3DeyJpZCI6NTAyMSwidXJsIjoiaHR0cHM6XC9cL3RvcG8uYXJ0XC9jaGFudGllclwvd3AtY29udGVudFwvdXBsb2Fkc1wvMjAyNFwvMDZcL3Zlcm5pc3NhZ2UtYWxlYXMtMDIuanBnIiwic2xpZGVzaG93IjoiNzNiYWYxYSJ9\">\n\t\t\t\t\t<div class=\"e-gallery-image elementor-gallery-item__image\" data-thumbnail=\"https:\/\/i0.wp.com\/topo.art\/chantier\/wp-content\/uploads\/2024\/06\/vernissage-aleas-02.jpg?fit=300%2C214&amp;ssl=1\" data-width=\"300\" data-height=\"214\" aria-label=\"Exposition de Al\u00e9as, Cl\u00e9o Palacio Quintin, 2023 - Centre de cr\u00e9ation num\u00e9rique\" role=\"img\" ><\/div>\n\t\t\t\t\t\t\t\t\t\t\t<div class=\"elementor-gallery-item__overlay\"><\/div>\n\t\t\t\t\t\t\t\t\t\t\t\t\t\t<\/a>\n\t\t\t\t\t<\/div>\n\t\t\t\t\t<\/div>\n\t\t\t\t<\/div>\n\t\t\t\t\t<\/div>\n\t\t\t\t<\/div>\n\t\t\t\t<\/div>","protected":false},"featured_media":412,"template":"","meta":{"_acf_changed":false},"tags":[],"cat-prog":[28,31],"class_list":["post-815","programmation","type-programmation","status-publish","has-post-thumbnail","hentry","cat-prog-exposition","cat-prog-vitrine"],"acf":[],"yoast_head":"<!-- This site is optimized with the Yoast SEO plugin v25.3.1 - https:\/\/yoast.com\/wordpress\/plugins\/seo\/ -->\n<title>AL\u00c9AS : \u00c9chos et reflets des \u00e9olithes\u200b | Cl\u00e9o Palacio-Quintin &#8226; TOPO - Centre de cr\u00e9ation num\u00e9rique<\/title>\n<meta name=\"description\" content=\"Cl\u00e9o Palacio-Quintin donne vie et po\u00e9sie aux roches dans son oeuvre Al\u00e9as : \u00e9chos et reflets des \u00e9olithes. \u00c0 voir dans la vitrine de TOPO.\" \/>\n<meta name=\"robots\" content=\"index, follow, max-snippet:-1, max-image-preview:large, max-video-preview:-1\" \/>\n<link rel=\"canonical\" href=\"https:\/\/topo.art\/en\/programmation\/aleas-echos-et-reflets-des-eolithes-cleo-palacio-quintin\/\" \/>\n<meta property=\"og:locale\" content=\"en_US\" \/>\n<meta property=\"og:type\" content=\"article\" \/>\n<meta property=\"og:title\" content=\"AL\u00c9AS : \u00c9chos et reflets des \u00e9olithes\u200b | Cl\u00e9o Palacio-Quintin &#8226; TOPO - Centre de cr\u00e9ation num\u00e9rique\" \/>\n<meta property=\"og:description\" content=\"Cl\u00e9o Palacio-Quintin donne vie et po\u00e9sie aux roches dans son oeuvre Al\u00e9as : \u00e9chos et reflets des \u00e9olithes. \u00c0 voir dans la vitrine de TOPO.\" \/>\n<meta property=\"og:url\" content=\"https:\/\/topo.art\/en\/programmation\/aleas-echos-et-reflets-des-eolithes-cleo-palacio-quintin\/\" \/>\n<meta property=\"og:site_name\" content=\"TOPO - Centre de cr\u00e9ation num\u00e9rique\" \/>\n<meta property=\"article:publisher\" content=\"https:\/\/www.facebook.com\/topomtl\" \/>\n<meta property=\"article:modified_time\" content=\"2024-10-02T18:07:51+00:00\" \/>\n<meta property=\"og:image\" content=\"https:\/\/topo.art\/chantier\/wp-content\/uploads\/2024\/01\/aleas-topo-1x3-1.jpg\" \/>\n\t<meta property=\"og:image:width\" content=\"2000\" \/>\n\t<meta property=\"og:image:height\" content=\"667\" \/>\n\t<meta property=\"og:image:type\" content=\"image\/jpeg\" \/>\n<meta name=\"twitter:card\" content=\"summary_large_image\" \/>\n<meta name=\"twitter:label1\" content=\"Est. reading time\" \/>\n\t<meta name=\"twitter:data1\" content=\"2 minutes\" \/>\n<script type=\"application\/ld+json\" class=\"yoast-schema-graph\">{\"@context\":\"https:\/\/schema.org\",\"@graph\":[{\"@type\":\"WebPage\",\"@id\":\"https:\/\/topo.art\/programmation\/aleas-echos-et-reflets-des-eolithes-cleo-palacio-quintin\/\",\"url\":\"https:\/\/topo.art\/programmation\/aleas-echos-et-reflets-des-eolithes-cleo-palacio-quintin\/\",\"name\":\"AL\u00c9AS : \u00c9chos et reflets des \u00e9olithes\u200b | Cl\u00e9o Palacio-Quintin &#8226; TOPO - Centre de cr\u00e9ation num\u00e9rique\",\"isPartOf\":{\"@id\":\"https:\/\/topo.art\/#website\"},\"primaryImageOfPage\":{\"@id\":\"https:\/\/topo.art\/programmation\/aleas-echos-et-reflets-des-eolithes-cleo-palacio-quintin\/#primaryimage\"},\"image\":{\"@id\":\"https:\/\/topo.art\/programmation\/aleas-echos-et-reflets-des-eolithes-cleo-palacio-quintin\/#primaryimage\"},\"thumbnailUrl\":\"https:\/\/i0.wp.com\/topo.art\/chantier\/wp-content\/uploads\/2024\/01\/aleas-topo-1x3-1.jpg?fit=2000%2C667&ssl=1\",\"datePublished\":\"2023-11-03T16:20:23+00:00\",\"dateModified\":\"2024-10-02T18:07:51+00:00\",\"description\":\"Cl\u00e9o Palacio-Quintin donne vie et po\u00e9sie aux roches dans son oeuvre Al\u00e9as : \u00e9chos et reflets des \u00e9olithes. \u00c0 voir dans la vitrine de TOPO.\",\"breadcrumb\":{\"@id\":\"https:\/\/topo.art\/programmation\/aleas-echos-et-reflets-des-eolithes-cleo-palacio-quintin\/#breadcrumb\"},\"inLanguage\":\"en-CA\",\"potentialAction\":[{\"@type\":\"ReadAction\",\"target\":[\"https:\/\/topo.art\/programmation\/aleas-echos-et-reflets-des-eolithes-cleo-palacio-quintin\/\"]}]},{\"@type\":\"ImageObject\",\"inLanguage\":\"en-CA\",\"@id\":\"https:\/\/topo.art\/programmation\/aleas-echos-et-reflets-des-eolithes-cleo-palacio-quintin\/#primaryimage\",\"url\":\"https:\/\/i0.wp.com\/topo.art\/chantier\/wp-content\/uploads\/2024\/01\/aleas-topo-1x3-1.jpg?fit=2000%2C667&ssl=1\",\"contentUrl\":\"https:\/\/i0.wp.com\/topo.art\/chantier\/wp-content\/uploads\/2024\/01\/aleas-topo-1x3-1.jpg?fit=2000%2C667&ssl=1\",\"width\":2000,\"height\":667},{\"@type\":\"BreadcrumbList\",\"@id\":\"https:\/\/topo.art\/programmation\/aleas-echos-et-reflets-des-eolithes-cleo-palacio-quintin\/#breadcrumb\",\"itemListElement\":[{\"@type\":\"ListItem\",\"position\":1,\"name\":\"Accueil\",\"item\":\"https:\/\/topo.art\/\"},{\"@type\":\"ListItem\",\"position\":2,\"name\":\"AL\u00c9AS : \u00c9chos et reflets des \u00e9olithes\u200b | Cl\u00e9o Palacio-Quintin\"}]},{\"@type\":\"WebSite\",\"@id\":\"https:\/\/topo.art\/#website\",\"url\":\"https:\/\/topo.art\/\",\"name\":\"TOPO - Centre de cr\u00e9ation num\u00e9rique\",\"description\":\"Centre d&#039;artistes montr\u00e9alais en art num\u00e9rique.\",\"publisher\":{\"@id\":\"https:\/\/topo.art\/#organization\"},\"alternateName\":\"TOPO\",\"potentialAction\":[{\"@type\":\"SearchAction\",\"target\":{\"@type\":\"EntryPoint\",\"urlTemplate\":\"https:\/\/topo.art\/?s={search_term_string}\"},\"query-input\":{\"@type\":\"PropertyValueSpecification\",\"valueRequired\":true,\"valueName\":\"search_term_string\"}}],\"inLanguage\":\"en-CA\"},{\"@type\":\"Organization\",\"@id\":\"https:\/\/topo.art\/#organization\",\"name\":\"TOPO - Centre de cr\u00e9ation num\u00e9rique\",\"alternateName\":\"TOPO\",\"url\":\"https:\/\/topo.art\/\",\"logo\":{\"@type\":\"ImageObject\",\"inLanguage\":\"en-CA\",\"@id\":\"https:\/\/topo.art\/#\/schema\/logo\/image\/\",\"url\":\"https:\/\/topo.art\/chantier\/wp-content\/uploads\/2024\/01\/logo_topo2024.svg\",\"contentUrl\":\"https:\/\/topo.art\/chantier\/wp-content\/uploads\/2024\/01\/logo_topo2024.svg\",\"width\":887,\"height\":250,\"caption\":\"TOPO - Centre de cr\u00e9ation num\u00e9rique\"},\"image\":{\"@id\":\"https:\/\/topo.art\/#\/schema\/logo\/image\/\"},\"sameAs\":[\"https:\/\/www.facebook.com\/topomtl\",\"https:\/\/www.instagram.com\/topo_mtl\/\",\"https:\/\/bsky.app\/profile\/topo-mtl.bsky.social\"]}]}<\/script>\n<!-- \/ Yoast SEO plugin. -->","yoast_head_json":{"title":"AL\u00c9AS : \u00c9chos et reflets des \u00e9olithes\u200b | Cl\u00e9o Palacio-Quintin &#8226; TOPO - Centre de cr\u00e9ation num\u00e9rique","description":"Cl\u00e9o Palacio-Quintin donne vie et po\u00e9sie aux roches dans son oeuvre Al\u00e9as : \u00e9chos et reflets des \u00e9olithes. \u00c0 voir dans la vitrine de TOPO.","robots":{"index":"index","follow":"follow","max-snippet":"max-snippet:-1","max-image-preview":"max-image-preview:large","max-video-preview":"max-video-preview:-1"},"canonical":"https:\/\/topo.art\/en\/programmation\/aleas-echos-et-reflets-des-eolithes-cleo-palacio-quintin\/","og_locale":"en_US","og_type":"article","og_title":"AL\u00c9AS : \u00c9chos et reflets des \u00e9olithes\u200b | Cl\u00e9o Palacio-Quintin &#8226; TOPO - Centre de cr\u00e9ation num\u00e9rique","og_description":"Cl\u00e9o Palacio-Quintin donne vie et po\u00e9sie aux roches dans son oeuvre Al\u00e9as : \u00e9chos et reflets des \u00e9olithes. \u00c0 voir dans la vitrine de TOPO.","og_url":"https:\/\/topo.art\/en\/programmation\/aleas-echos-et-reflets-des-eolithes-cleo-palacio-quintin\/","og_site_name":"TOPO - Centre de cr\u00e9ation num\u00e9rique","article_publisher":"https:\/\/www.facebook.com\/topomtl","article_modified_time":"2024-10-02T18:07:51+00:00","og_image":[{"width":2000,"height":667,"url":"https:\/\/topo.art\/chantier\/wp-content\/uploads\/2024\/01\/aleas-topo-1x3-1.jpg","type":"image\/jpeg"}],"twitter_card":"summary_large_image","twitter_misc":{"Est. reading time":"2 minutes"},"schema":{"@context":"https:\/\/schema.org","@graph":[{"@type":"WebPage","@id":"https:\/\/topo.art\/programmation\/aleas-echos-et-reflets-des-eolithes-cleo-palacio-quintin\/","url":"https:\/\/topo.art\/programmation\/aleas-echos-et-reflets-des-eolithes-cleo-palacio-quintin\/","name":"AL\u00c9AS : \u00c9chos et reflets des \u00e9olithes\u200b | Cl\u00e9o Palacio-Quintin &#8226; TOPO - Centre de cr\u00e9ation num\u00e9rique","isPartOf":{"@id":"https:\/\/topo.art\/#website"},"primaryImageOfPage":{"@id":"https:\/\/topo.art\/programmation\/aleas-echos-et-reflets-des-eolithes-cleo-palacio-quintin\/#primaryimage"},"image":{"@id":"https:\/\/topo.art\/programmation\/aleas-echos-et-reflets-des-eolithes-cleo-palacio-quintin\/#primaryimage"},"thumbnailUrl":"https:\/\/i0.wp.com\/topo.art\/chantier\/wp-content\/uploads\/2024\/01\/aleas-topo-1x3-1.jpg?fit=2000%2C667&ssl=1","datePublished":"2023-11-03T16:20:23+00:00","dateModified":"2024-10-02T18:07:51+00:00","description":"Cl\u00e9o Palacio-Quintin donne vie et po\u00e9sie aux roches dans son oeuvre Al\u00e9as : \u00e9chos et reflets des \u00e9olithes. \u00c0 voir dans la vitrine de TOPO.","breadcrumb":{"@id":"https:\/\/topo.art\/programmation\/aleas-echos-et-reflets-des-eolithes-cleo-palacio-quintin\/#breadcrumb"},"inLanguage":"en-CA","potentialAction":[{"@type":"ReadAction","target":["https:\/\/topo.art\/programmation\/aleas-echos-et-reflets-des-eolithes-cleo-palacio-quintin\/"]}]},{"@type":"ImageObject","inLanguage":"en-CA","@id":"https:\/\/topo.art\/programmation\/aleas-echos-et-reflets-des-eolithes-cleo-palacio-quintin\/#primaryimage","url":"https:\/\/i0.wp.com\/topo.art\/chantier\/wp-content\/uploads\/2024\/01\/aleas-topo-1x3-1.jpg?fit=2000%2C667&ssl=1","contentUrl":"https:\/\/i0.wp.com\/topo.art\/chantier\/wp-content\/uploads\/2024\/01\/aleas-topo-1x3-1.jpg?fit=2000%2C667&ssl=1","width":2000,"height":667},{"@type":"BreadcrumbList","@id":"https:\/\/topo.art\/programmation\/aleas-echos-et-reflets-des-eolithes-cleo-palacio-quintin\/#breadcrumb","itemListElement":[{"@type":"ListItem","position":1,"name":"Accueil","item":"https:\/\/topo.art\/"},{"@type":"ListItem","position":2,"name":"AL\u00c9AS : \u00c9chos et reflets des \u00e9olithes\u200b | Cl\u00e9o Palacio-Quintin"}]},{"@type":"WebSite","@id":"https:\/\/topo.art\/#website","url":"https:\/\/topo.art\/","name":"TOPO - Centre de cr\u00e9ation num\u00e9rique","description":"Centre d&#039;artistes montr\u00e9alais en art num\u00e9rique.","publisher":{"@id":"https:\/\/topo.art\/#organization"},"alternateName":"TOPO","potentialAction":[{"@type":"SearchAction","target":{"@type":"EntryPoint","urlTemplate":"https:\/\/topo.art\/?s={search_term_string}"},"query-input":{"@type":"PropertyValueSpecification","valueRequired":true,"valueName":"search_term_string"}}],"inLanguage":"en-CA"},{"@type":"Organization","@id":"https:\/\/topo.art\/#organization","name":"TOPO - Centre de cr\u00e9ation num\u00e9rique","alternateName":"TOPO","url":"https:\/\/topo.art\/","logo":{"@type":"ImageObject","inLanguage":"en-CA","@id":"https:\/\/topo.art\/#\/schema\/logo\/image\/","url":"https:\/\/topo.art\/chantier\/wp-content\/uploads\/2024\/01\/logo_topo2024.svg","contentUrl":"https:\/\/topo.art\/chantier\/wp-content\/uploads\/2024\/01\/logo_topo2024.svg","width":887,"height":250,"caption":"TOPO - Centre de cr\u00e9ation num\u00e9rique"},"image":{"@id":"https:\/\/topo.art\/#\/schema\/logo\/image\/"},"sameAs":["https:\/\/www.facebook.com\/topomtl","https:\/\/www.instagram.com\/topo_mtl\/","https:\/\/bsky.app\/profile\/topo-mtl.bsky.social"]}]}},"_links":{"self":[{"href":"https:\/\/topo.art\/en\/wp-json\/wp\/v2\/programmation\/815","targetHints":{"allow":["GET"]}}],"collection":[{"href":"https:\/\/topo.art\/en\/wp-json\/wp\/v2\/programmation"}],"about":[{"href":"https:\/\/topo.art\/en\/wp-json\/wp\/v2\/types\/programmation"}],"version-history":[{"count":18,"href":"https:\/\/topo.art\/en\/wp-json\/wp\/v2\/programmation\/815\/revisions"}],"predecessor-version":[{"id":6017,"href":"https:\/\/topo.art\/en\/wp-json\/wp\/v2\/programmation\/815\/revisions\/6017"}],"wp:featuredmedia":[{"embeddable":true,"href":"https:\/\/topo.art\/en\/wp-json\/wp\/v2\/media\/412"}],"wp:attachment":[{"href":"https:\/\/topo.art\/en\/wp-json\/wp\/v2\/media?parent=815"}],"wp:term":[{"taxonomy":"post_tag","embeddable":true,"href":"https:\/\/topo.art\/en\/wp-json\/wp\/v2\/tags?post=815"},{"taxonomy":"cat-prog","embeddable":true,"href":"https:\/\/topo.art\/en\/wp-json\/wp\/v2\/cat-prog?post=815"}],"curies":[{"name":"wp","href":"https:\/\/api.w.org\/{rel}","templated":true}]}}