{"id":7897,"date":"2025-04-01T12:52:50","date_gmt":"2025-04-01T16:52:50","guid":{"rendered":"https:\/\/topo.art\/?post_type=programmation&#038;p=7897"},"modified":"2025-05-08T16:36:51","modified_gmt":"2025-05-08T20:36:51","slug":"marcel-pascale-tetrault","status":"publish","type":"programmation","link":"https:\/\/topo.art\/en\/programmation\/marcel-pascale-tetrault\/","title":{"rendered":"<em>Marcel<\/em> | Pascale T\u00e9trault"},"content":{"rendered":"<div data-elementor-type=\"wp-post\" data-elementor-id=\"7897\" class=\"elementor elementor-7897\" data-elementor-post-type=\"programmation\">\n\t\t\t\t<div class=\"elementor-element elementor-element-34d3281 e-flex e-con-boxed e-con e-parent\" data-id=\"34d3281\" data-element_type=\"container\">\n\t\t\t\t\t<div class=\"e-con-inner\">\n\t\t\t\t<div class=\"elementor-element elementor-element-ad437df elementor-widget elementor-widget-text-editor\" data-id=\"ad437df\" data-element_type=\"widget\" data-widget_type=\"text-editor.default\">\n\t\t\t\t<div class=\"elementor-widget-container\">\n\t\t\t\t\t\t\t\t\t<p><span style=\"font-weight: 400;\">\"On March 2, 1988, along the St. Lawrence River, the Vickers shipbuilding factory officially closed its doors. After working there for 38 years as a machinist, my grandfather was the last employee to leave the premises. Marcel spent his final months at the factory building wooden crates to house the dismantled machines, ready to be shipped down the river to their next home.\u00a0<\/span><\/p><p><span style=\"font-weight: 400;\">At the intersection of our disciplines, <\/span><i><span style=\"font-weight: 400;\">Marcel<\/span><\/i><span style=\"font-weight: 400;\"> first took the form of a video-performance-documentary, telling the story of my grandfather, his technical knowledge, and his deep respect for machines\u2014his collaborators. In the work, our bodies are connected through our shared love for words, the analog, gestures, and, above all, transmission of technical knowledge.\u00a0<\/span><\/p><p><span style=\"font-weight: 400;\">In 2021, he retraced the border of the factory from memory. These images marked the beginning of the exhibition, where video, moving sculpture, and poetry are intertwined to recount this vanished place and the gestures of collaboration between machinists, machines, and generations.\"<\/span><\/p>\t\t\t\t\t\t\t\t<\/div>\n\t\t\t\t<\/div>\n\t\t\t\t\t<\/div>\n\t\t\t\t<\/div>\n\t\t<div class=\"elementor-element elementor-element-503d53fc e-flex e-con-boxed e-con e-parent\" data-id=\"503d53fc\" data-element_type=\"container\">\n\t\t\t\t\t<div class=\"e-con-inner\">\n\t\t\t\t<div class=\"elementor-element elementor-element-48b1995 elementor-grid-1 elementor-grid-tablet-2 elementor-grid-mobile-1 elementor-widget elementor-widget-loop-grid\" data-id=\"48b1995\" data-element_type=\"widget\" data-settings=\"{&quot;template_id&quot;:&quot;417&quot;,&quot;columns&quot;:1,&quot;_skin&quot;:&quot;post&quot;,&quot;columns_tablet&quot;:&quot;2&quot;,&quot;columns_mobile&quot;:&quot;1&quot;,&quot;edit_handle_selector&quot;:&quot;[data-elementor-type=\\&quot;loop-item\\&quot;]&quot;,&quot;row_gap&quot;:{&quot;unit&quot;:&quot;px&quot;,&quot;size&quot;:&quot;&quot;,&quot;sizes&quot;:[]},&quot;row_gap_tablet&quot;:{&quot;unit&quot;:&quot;px&quot;,&quot;size&quot;:&quot;&quot;,&quot;sizes&quot;:[]},&quot;row_gap_mobile&quot;:{&quot;unit&quot;:&quot;px&quot;,&quot;size&quot;:&quot;&quot;,&quot;sizes&quot;:[]}}\" data-widget_type=\"loop-grid.post\">\n\t\t\t\t<div class=\"elementor-widget-container\">\n\t\t\t\t\t\t\t<div class=\"elementor-loop-container elementor-grid\">\n\t\t<style id=\"loop-417\">.elementor-417 .elementor-element.elementor-element-8bd6b09{--display:flex;--flex-direction:row;--container-widget-width:calc( ( 1 - var( --container-widget-flex-grow ) ) * 100% );--container-widget-height:100%;--container-widget-flex-grow:1;--container-widget-align-self:stretch;--flex-wrap-mobile:wrap;--align-items:center;--margin-top:0px;--margin-bottom:30px;--margin-left:0px;--margin-right:0px;}.elementor-417 .elementor-element.elementor-element-216708d{--display:flex;--justify-content:center;--align-items:center;--container-widget-width:calc( ( 1 - var( --container-widget-flex-grow ) ) * 100% );--gap:0px 0px;--row-gap:0px;--column-gap:0px;}.elementor-417 .elementor-element.elementor-element-9b68b46 > .elementor-widget-container{margin:0px 0px 0px 0px;padding:0px 0px 0px 0px;}.elementor-417 .elementor-element.elementor-element-9b68b46 img{border-radius:500px 500px 500px 500px;}.elementor-417 .elementor-element.elementor-element-28b2552{--display:flex;--position:absolute;--gap:0px 0px;--row-gap:0px;--column-gap:0px;--margin-top:0px;--margin-bottom:0px;--margin-left:0px;--margin-right:0px;--padding-top:00px;--padding-bottom:0px;--padding-left:0px;--padding-right:0px;bottom:0px;}.elementor-417 .elementor-element.elementor-element-28b2552:not(.elementor-motion-effects-element-type-background), .elementor-417 .elementor-element.elementor-element-28b2552 > .elementor-motion-effects-container > .elementor-motion-effects-layer{background-color:#FFFFFFAD;}body:not(.rtl) .elementor-417 .elementor-element.elementor-element-28b2552{left:0px;}body.rtl .elementor-417 .elementor-element.elementor-element-28b2552{right:0px;}.elementor-417 .elementor-element.elementor-element-36e64f0 > .elementor-widget-container{margin:0px 0px 0px 0px;padding:0px 0px 0px 0px;}.elementor-417 .elementor-element.elementor-element-36e64f0{text-align:center;}.elementor-417 .elementor-element.elementor-element-f5159dd{--display:flex;--gap:10px 10px;--row-gap:10px;--column-gap:10px;--padding-top:0px;--padding-bottom:0px;--padding-left:0px;--padding-right:0px;}.elementor-417 .elementor-element.elementor-element-6f0b7fac{--display:flex;}.elementor-417 .elementor-element.elementor-element-45b9685c{columns:1;text-align:left;}@media(min-width:768px){.elementor-417 .elementor-element.elementor-element-216708d{--width:21.875em;}.elementor-417 .elementor-element.elementor-element-6f0b7fac{--content-width:1000px;}}<\/style>\t\t<div data-elementor-type=\"loop-item\" data-elementor-id=\"417\" class=\"elementor elementor-417 e-loop-item e-loop-item-7895 post-7895 artiste type-artiste status-publish has-post-thumbnail hentry categorie-artiste-artiste\" data-elementor-post-type=\"elementor_library\" data-custom-edit-handle=\"1\">\n\t\t\t<div class=\"elementor-element elementor-element-8bd6b09 e-flex e-con-boxed e-con e-parent\" data-id=\"8bd6b09\" data-element_type=\"container\">\n\t\t\t\t\t<div class=\"e-con-inner\">\n\t\t<div class=\"elementor-element elementor-element-216708d e-con-full e-flex e-con e-child\" data-id=\"216708d\" data-element_type=\"container\">\n\t\t\t\t<div class=\"elementor-element elementor-element-9b68b46 photo elementor-widget elementor-widget-theme-post-featured-image elementor-widget-image\" data-id=\"9b68b46\" data-element_type=\"widget\" data-widget_type=\"theme-post-featured-image.default\">\n\t\t\t\t<div class=\"elementor-widget-container\">\n\t\t\t\t\t\t\t\t\t\t\t\t\t\t\t\t<a href=\"https:\/\/topo.art\/en\/artiste\/pascale-tetrault\/\">\n\t\t\t\t\t\t\t<img decoding=\"async\" src=\"https:\/\/i0.wp.com\/topo.art\/chantier\/wp-content\/uploads\/2025\/02\/portrait-pascaletetrault-1x1-1.jpg?fit=350%2C350&#038;ssl=1\" title=\"Portrait de l&rsquo;artiste Pascale T\u00e9trault\" alt=\"Portrait de l&#039;artiste Pascale T\u00e9trault\" loading=\"lazy\" \/>\t\t\t\t\t\t\t\t<\/a>\n\t\t\t\t\t\t\t\t\t\t\t\t\t\t\t<\/div>\n\t\t\t\t<\/div>\n\t\t<div class=\"elementor-element elementor-element-28b2552 e-con-full credit-photo e-flex e-con e-child\" data-id=\"28b2552\" data-element_type=\"container\" data-settings=\"{&quot;background_background&quot;:&quot;classic&quot;,&quot;position&quot;:&quot;absolute&quot;}\">\n\t\t\t\t<\/div>\n\t\t\t\t<\/div>\n\t\t<div class=\"elementor-element elementor-element-f5159dd e-flex e-con-boxed e-con e-child\" data-id=\"f5159dd\" data-element_type=\"container\">\n\t\t\t\t\t<div class=\"e-con-inner\">\n\t\t\t\t<div class=\"elementor-element elementor-element-21af79c elementor-widget elementor-widget-theme-post-title elementor-page-title elementor-widget-heading\" data-id=\"21af79c\" data-element_type=\"widget\" data-widget_type=\"theme-post-title.default\">\n\t\t\t\t<div class=\"elementor-widget-container\">\n\t\t\t\t\t<h1 class=\"elementor-heading-title elementor-size-default\">Pascale T\u00e9trault<\/h1>\t\t\t\t<\/div>\n\t\t\t\t<\/div>\n\t\t\t\t<div class=\"elementor-element elementor-element-88c3b2b liens-artistes elementor-widget elementor-widget-shortcode\" data-id=\"88c3b2b\" data-element_type=\"widget\" data-widget_type=\"shortcode.default\">\n\t\t\t\t<div class=\"elementor-widget-container\">\n\t\t\t\t\t\t\t<div class=\"elementor-shortcode\"><a target=\"_blank\" href=\"https:\/\/www.pascaletetrault.com\/\">pascaletetrault.com<\/a> | <a target=\"_blank\" href=\"https:\/\/www.instagram.com\/passecables\/?hl=en.html\">Instagram<\/a><\/div>\n\t\t\t\t\t\t<\/div>\n\t\t\t\t<\/div>\n\t\t\t\t\t<\/div>\n\t\t\t\t<\/div>\n\t\t\t\t\t<\/div>\n\t\t\t\t<\/div>\n\t\t<div class=\"elementor-element elementor-element-6f0b7fac e-flex e-con-boxed e-con e-parent\" data-id=\"6f0b7fac\" data-element_type=\"container\">\n\t\t\t\t\t<div class=\"e-con-inner\">\n\t\t\t\t<div class=\"elementor-element elementor-element-45b9685c elementor-widget elementor-widget-text-editor\" data-id=\"45b9685c\" data-element_type=\"widget\" data-widget_type=\"text-editor.default\">\n\t\t\t\t<div class=\"elementor-widget-container\">\n\t\t\t\t\t\t\t\t\t<p>Pascale T\u00e9trault is a pluridisciplinary artist and poet based in Montreal, whose work unfolds at the intersection of writing and electronic art. With a background in literature and interactive media, she then completed a Master\u2019s in Studio Arts at Concordia University in 2024, where she explored through the creation of machine-sculptures themes  related to language, memory, and technological craftsmanship. Since 2019, she parallelly has collaborated as a creative technologist and programmer, developing interactive systems for and with various artists and designers. Also an educator, she has been teaching programming and digital creation for the past seven years in  various artist-run centers and schools such as SAT, Eastern Bloc, and AdaX. Pascale\u2019s works take the form of hybrid objects that merge materiality, poetry, and electronics to recount stories in the physical space. Her practices as an artist, collaborator, educator, and technologist are now inseparable, continuously informing and nourishing one another.<\/p>\t\t\t\t\t\t\t\t<\/div>\n\t\t\t\t<\/div>\n\t\t\t\t\t<\/div>\n\t\t\t\t<\/div>\n\t\t\t\t<\/div>\n\t\t\t\t<\/div>\n\t\t\n\t\t\t\t\t\t<\/div>\n\t\t\t\t<\/div>\n\t\t\t\t\t<\/div>\n\t\t\t\t<\/div>\n\t\t<div class=\"elementor-element elementor-element-5498ba8c e-flex e-con-boxed e-con e-parent\" data-id=\"5498ba8c\" data-element_type=\"container\">\n\t\t\t\t\t<div class=\"e-con-inner\">\n\t\t\t\t<div class=\"elementor-element elementor-element-1c31616c elementor-widget elementor-widget-spacer\" data-id=\"1c31616c\" data-element_type=\"widget\" data-widget_type=\"spacer.default\">\n\t\t\t\t<div class=\"elementor-widget-container\">\n\t\t\t\t\t\t\t<div class=\"elementor-spacer\">\n\t\t\t<div class=\"elementor-spacer-inner\"><\/div>\n\t\t<\/div>\n\t\t\t\t\t\t<\/div>\n\t\t\t\t<\/div>\n\t\t\t\t<div class=\"elementor-element elementor-element-41463fac elementor-widget elementor-widget-heading\" data-id=\"41463fac\" data-element_type=\"widget\" data-widget_type=\"heading.default\">\n\t\t\t\t<div class=\"elementor-widget-container\">\n\t\t\t\t\t<h2 class=\"elementor-heading-title elementor-size-default\">In Pictures<\/h2>\t\t\t\t<\/div>\n\t\t\t\t<\/div>\n\t\t\t\t<div class=\"elementor-element elementor-element-1035c9fc elementor-widget elementor-widget-gallery\" data-id=\"1035c9fc\" data-element_type=\"widget\" data-settings=\"{&quot;columns_tablet&quot;:3,&quot;columns_mobile&quot;:2,&quot;gallery_layout&quot;:&quot;grid&quot;,&quot;columns&quot;:4,&quot;gap&quot;:{&quot;unit&quot;:&quot;px&quot;,&quot;size&quot;:10,&quot;sizes&quot;:[]},&quot;gap_tablet&quot;:{&quot;unit&quot;:&quot;px&quot;,&quot;size&quot;:10,&quot;sizes&quot;:[]},&quot;gap_mobile&quot;:{&quot;unit&quot;:&quot;px&quot;,&quot;size&quot;:10,&quot;sizes&quot;:[]},&quot;link_to&quot;:&quot;file&quot;,&quot;aspect_ratio&quot;:&quot;3:2&quot;,&quot;overlay_background&quot;:&quot;yes&quot;,&quot;content_hover_animation&quot;:&quot;fade-in&quot;}\" data-widget_type=\"gallery.default\">\n\t\t\t\t<div class=\"elementor-widget-container\">\n\t\t\t\t\t\t\t<div class=\"elementor-gallery__container\">\n\t\t\t\t\t\t\t<a class=\"e-gallery-item elementor-gallery-item elementor-animated-content\" href=\"https:\/\/i0.wp.com\/topo.art\/chantier\/wp-content\/uploads\/2025\/05\/Marcel-vernissage-web-1.jpg?fit=1620%2C1080&#038;ssl=1\" data-elementor-open-lightbox=\"yes\" data-elementor-lightbox-slideshow=\"1035c9fc\" data-e-action-hash=\"#elementor-action%3Aaction%3Dlightbox%26settings%3DeyJpZCI6ODAzNiwidXJsIjoiaHR0cHM6XC9cL3RvcG8uYXJ0XC9jaGFudGllclwvd3AtY29udGVudFwvdXBsb2Fkc1wvMjAyNVwvMDVcL01hcmNlbC12ZXJuaXNzYWdlLXdlYi0xLmpwZyIsInNsaWRlc2hvdyI6IjEwMzVjOWZjIn0%3D\">\n\t\t\t\t\t<div class=\"e-gallery-image elementor-gallery-item__image\" data-thumbnail=\"https:\/\/i0.wp.com\/topo.art\/chantier\/wp-content\/uploads\/2025\/05\/Marcel-vernissage-web-1.jpg?fit=300%2C200&amp;ssl=1\" data-width=\"300\" data-height=\"200\" aria-label=\"Vernissage exposition &quot;Marcel&quot; de Pascale T\u00e9trault. Avril 2025 Vitrine de TOPO.\" role=\"img\" ><\/div>\n\t\t\t\t\t\t\t\t\t\t\t<div class=\"elementor-gallery-item__overlay\"><\/div>\n\t\t\t\t\t\t\t\t\t\t\t\t\t\t<\/a>\n\t\t\t\t\t\t\t<a class=\"e-gallery-item elementor-gallery-item elementor-animated-content\" href=\"https:\/\/i0.wp.com\/topo.art\/chantier\/wp-content\/uploads\/2025\/05\/Marcel-vernissage-web-4.jpg?fit=1620%2C1080&#038;ssl=1\" data-elementor-open-lightbox=\"yes\" data-elementor-lightbox-slideshow=\"1035c9fc\" data-e-action-hash=\"#elementor-action%3Aaction%3Dlightbox%26settings%3DeyJpZCI6ODAzOSwidXJsIjoiaHR0cHM6XC9cL3RvcG8uYXJ0XC9jaGFudGllclwvd3AtY29udGVudFwvdXBsb2Fkc1wvMjAyNVwvMDVcL01hcmNlbC12ZXJuaXNzYWdlLXdlYi00LmpwZyIsInNsaWRlc2hvdyI6IjEwMzVjOWZjIn0%3D\">\n\t\t\t\t\t<div class=\"e-gallery-image elementor-gallery-item__image\" data-thumbnail=\"https:\/\/i0.wp.com\/topo.art\/chantier\/wp-content\/uploads\/2025\/05\/Marcel-vernissage-web-4.jpg?fit=300%2C200&amp;ssl=1\" data-width=\"300\" data-height=\"200\" aria-label=\"Vernissage exposition &quot;Marcel&quot; de Pascale T\u00e9trault. Avril 2025 Vitrine de TOPO.\" role=\"img\" ><\/div>\n\t\t\t\t\t\t\t\t\t\t\t<div class=\"elementor-gallery-item__overlay\"><\/div>\n\t\t\t\t\t\t\t\t\t\t\t\t\t\t<\/a>\n\t\t\t\t\t\t\t<a class=\"e-gallery-item elementor-gallery-item elementor-animated-content\" href=\"https:\/\/i0.wp.com\/topo.art\/chantier\/wp-content\/uploads\/2025\/05\/Marcel-vernissage-web-5.jpg?fit=1620%2C1080&#038;ssl=1\" data-elementor-open-lightbox=\"yes\" data-elementor-lightbox-slideshow=\"1035c9fc\" data-e-action-hash=\"#elementor-action%3Aaction%3Dlightbox%26settings%3DeyJpZCI6ODA0MCwidXJsIjoiaHR0cHM6XC9cL3RvcG8uYXJ0XC9jaGFudGllclwvd3AtY29udGVudFwvdXBsb2Fkc1wvMjAyNVwvMDVcL01hcmNlbC12ZXJuaXNzYWdlLXdlYi01LmpwZyIsInNsaWRlc2hvdyI6IjEwMzVjOWZjIn0%3D\">\n\t\t\t\t\t<div class=\"e-gallery-image elementor-gallery-item__image\" data-thumbnail=\"https:\/\/i0.wp.com\/topo.art\/chantier\/wp-content\/uploads\/2025\/05\/Marcel-vernissage-web-5.jpg?fit=300%2C200&amp;ssl=1\" data-width=\"300\" data-height=\"200\" aria-label=\"Vernissage exposition &quot;Marcel&quot; de Pascale T\u00e9trault. Avril 2025 Vitrine de TOPO.\" role=\"img\" ><\/div>\n\t\t\t\t\t\t\t\t\t\t\t<div class=\"elementor-gallery-item__overlay\"><\/div>\n\t\t\t\t\t\t\t\t\t\t\t\t\t\t<\/a>\n\t\t\t\t\t\t\t<a class=\"e-gallery-item elementor-gallery-item elementor-animated-content\" href=\"https:\/\/i0.wp.com\/topo.art\/chantier\/wp-content\/uploads\/2025\/05\/Marcel-vernissage-web-3.jpg?fit=1620%2C1080&#038;ssl=1\" data-elementor-open-lightbox=\"yes\" data-elementor-lightbox-slideshow=\"1035c9fc\" data-e-action-hash=\"#elementor-action%3Aaction%3Dlightbox%26settings%3DeyJpZCI6ODAzOCwidXJsIjoiaHR0cHM6XC9cL3RvcG8uYXJ0XC9jaGFudGllclwvd3AtY29udGVudFwvdXBsb2Fkc1wvMjAyNVwvMDVcL01hcmNlbC12ZXJuaXNzYWdlLXdlYi0zLmpwZyIsInNsaWRlc2hvdyI6IjEwMzVjOWZjIn0%3D\">\n\t\t\t\t\t<div class=\"e-gallery-image elementor-gallery-item__image\" data-thumbnail=\"https:\/\/i0.wp.com\/topo.art\/chantier\/wp-content\/uploads\/2025\/05\/Marcel-vernissage-web-3.jpg?fit=300%2C200&amp;ssl=1\" data-width=\"300\" data-height=\"200\" aria-label=\"Vernissage exposition &quot;Marcel&quot; de Pascale T\u00e9trault. Avril 2025 Vitrine de TOPO.\" role=\"img\" ><\/div>\n\t\t\t\t\t\t\t\t\t\t\t<div class=\"elementor-gallery-item__overlay\"><\/div>\n\t\t\t\t\t\t\t\t\t\t\t\t\t\t<\/a>\n\t\t\t\t\t\t\t<a class=\"e-gallery-item elementor-gallery-item elementor-animated-content\" href=\"https:\/\/i0.wp.com\/topo.art\/chantier\/wp-content\/uploads\/2025\/05\/Marcel-vernissage-web-2-1.jpg?fit=1620%2C1080&#038;ssl=1\" data-elementor-open-lightbox=\"yes\" data-elementor-lightbox-slideshow=\"1035c9fc\" data-e-action-hash=\"#elementor-action%3Aaction%3Dlightbox%26settings%3DeyJpZCI6ODA0NiwidXJsIjoiaHR0cHM6XC9cL3RvcG8uYXJ0XC9jaGFudGllclwvd3AtY29udGVudFwvdXBsb2Fkc1wvMjAyNVwvMDVcL01hcmNlbC12ZXJuaXNzYWdlLXdlYi0yLTEuanBnIiwic2xpZGVzaG93IjoiMTAzNWM5ZmMifQ%3D%3D\">\n\t\t\t\t\t<div class=\"e-gallery-image elementor-gallery-item__image\" data-thumbnail=\"https:\/\/i0.wp.com\/topo.art\/chantier\/wp-content\/uploads\/2025\/05\/Marcel-vernissage-web-2-1.jpg?fit=300%2C200&amp;ssl=1\" data-width=\"300\" data-height=\"200\" aria-label=\"Vernissage exposition &quot;Marcel&quot; de Pascale T\u00e9trault. Avril 2025 Vitrine de TOPO.\" role=\"img\" ><\/div>\n\t\t\t\t\t\t\t\t\t\t\t<div class=\"elementor-gallery-item__overlay\"><\/div>\n\t\t\t\t\t\t\t\t\t\t\t\t\t\t<\/a>\n\t\t\t\t\t<\/div>\n\t\t\t\t\t<\/div>\n\t\t\t\t<\/div>\n\t\t\t\t\t<\/div>\n\t\t\t\t<\/div>\n\t\t\t\t<\/div>","protected":false},"featured_media":7900,"template":"","meta":{"_acf_changed":false},"tags":[],"cat-prog":[28,31],"class_list":["post-7897","programmation","type-programmation","status-publish","has-post-thumbnail","hentry","cat-prog-exposition","cat-prog-vitrine"],"acf":[],"yoast_head":"<!-- This site is optimized with the Yoast SEO plugin v25.3.1 - https:\/\/yoast.com\/wordpress\/plugins\/seo\/ -->\n<title>Marcel | Pascale T\u00e9trault &#8226; TOPO - Centre de cr\u00e9ation num\u00e9rique<\/title>\n<meta name=\"description\" content=\"Une sculpture en mouvement de l&#039;artiste Pascale T\u00e9trault, m\u00ealant archives et po\u00e9sie, en exposition dans la vitrine de TOPO.\" \/>\n<meta name=\"robots\" content=\"index, follow, max-snippet:-1, max-image-preview:large, max-video-preview:-1\" \/>\n<link rel=\"canonical\" href=\"https:\/\/topo.art\/en\/programmation\/marcel-pascale-tetrault\/\" \/>\n<meta property=\"og:locale\" content=\"en_US\" \/>\n<meta property=\"og:type\" content=\"article\" \/>\n<meta property=\"og:title\" content=\"Marcel | Pascale T\u00e9trault &#8226; TOPO - Centre de cr\u00e9ation num\u00e9rique\" \/>\n<meta property=\"og:description\" content=\"Une sculpture en mouvement de l&#039;artiste Pascale T\u00e9trault, m\u00ealant archives et po\u00e9sie, en exposition dans la vitrine de TOPO.\" \/>\n<meta property=\"og:url\" content=\"https:\/\/topo.art\/en\/programmation\/marcel-pascale-tetrault\/\" \/>\n<meta property=\"og:site_name\" content=\"TOPO - Centre de cr\u00e9ation num\u00e9rique\" \/>\n<meta property=\"article:publisher\" content=\"https:\/\/www.facebook.com\/topomtl\" \/>\n<meta property=\"article:modified_time\" content=\"2025-05-08T20:36:51+00:00\" \/>\n<meta property=\"og:image\" content=\"https:\/\/topo.art\/chantier\/wp-content\/uploads\/2025\/02\/marcel_16x9.jpg\" \/>\n\t<meta property=\"og:image:width\" content=\"1920\" \/>\n\t<meta property=\"og:image:height\" content=\"1080\" \/>\n\t<meta property=\"og:image:type\" content=\"image\/jpeg\" \/>\n<meta name=\"twitter:card\" content=\"summary_large_image\" \/>\n<meta name=\"twitter:label1\" content=\"Est. reading time\" \/>\n\t<meta name=\"twitter:data1\" content=\"3 minutes\" \/>\n<script type=\"application\/ld+json\" class=\"yoast-schema-graph\">{\"@context\":\"https:\/\/schema.org\",\"@graph\":[{\"@type\":\"WebPage\",\"@id\":\"https:\/\/topo.art\/programmation\/marcel-pascale-tetrault\/\",\"url\":\"https:\/\/topo.art\/programmation\/marcel-pascale-tetrault\/\",\"name\":\"Marcel | Pascale T\u00e9trault &#8226; TOPO - Centre de cr\u00e9ation num\u00e9rique\",\"isPartOf\":{\"@id\":\"https:\/\/topo.art\/#website\"},\"primaryImageOfPage\":{\"@id\":\"https:\/\/topo.art\/programmation\/marcel-pascale-tetrault\/#primaryimage\"},\"image\":{\"@id\":\"https:\/\/topo.art\/programmation\/marcel-pascale-tetrault\/#primaryimage\"},\"thumbnailUrl\":\"https:\/\/i0.wp.com\/topo.art\/chantier\/wp-content\/uploads\/2025\/02\/marcel_16x9.jpg?fit=1920%2C1080&ssl=1\",\"datePublished\":\"2025-04-01T16:52:50+00:00\",\"dateModified\":\"2025-05-08T20:36:51+00:00\",\"description\":\"Une sculpture en mouvement de l'artiste Pascale T\u00e9trault, m\u00ealant archives et po\u00e9sie, en exposition dans la vitrine de TOPO.\",\"breadcrumb\":{\"@id\":\"https:\/\/topo.art\/programmation\/marcel-pascale-tetrault\/#breadcrumb\"},\"inLanguage\":\"en-CA\",\"potentialAction\":[{\"@type\":\"ReadAction\",\"target\":[\"https:\/\/topo.art\/programmation\/marcel-pascale-tetrault\/\"]}]},{\"@type\":\"ImageObject\",\"inLanguage\":\"en-CA\",\"@id\":\"https:\/\/topo.art\/programmation\/marcel-pascale-tetrault\/#primaryimage\",\"url\":\"https:\/\/i0.wp.com\/topo.art\/chantier\/wp-content\/uploads\/2025\/02\/marcel_16x9.jpg?fit=1920%2C1080&ssl=1\",\"contentUrl\":\"https:\/\/i0.wp.com\/topo.art\/chantier\/wp-content\/uploads\/2025\/02\/marcel_16x9.jpg?fit=1920%2C1080&ssl=1\",\"width\":1920,\"height\":1080,\"caption\":\"Deux personnes se tiennent debout sur une pelouse au bord d\u2019un plan d\u2019eau, d\u00e9roulant un long ruban de papier entre elles. L'une porte une veste beige et l'autre une veste fonc\u00e9e avec une casquette. Une bo\u00eete en bois est pos\u00e9e sur le sol \u00e0 proximit\u00e9. En arri\u00e8re-plan, on aper\u00e7oit des lignes \u00e9lectriques et un paysage ouvert sous un ciel clair.\"},{\"@type\":\"BreadcrumbList\",\"@id\":\"https:\/\/topo.art\/programmation\/marcel-pascale-tetrault\/#breadcrumb\",\"itemListElement\":[{\"@type\":\"ListItem\",\"position\":1,\"name\":\"Accueil\",\"item\":\"https:\/\/topo.art\/\"},{\"@type\":\"ListItem\",\"position\":2,\"name\":\"Marcel | Pascale T\u00e9trault\"}]},{\"@type\":\"WebSite\",\"@id\":\"https:\/\/topo.art\/#website\",\"url\":\"https:\/\/topo.art\/\",\"name\":\"TOPO - Centre de cr\u00e9ation num\u00e9rique\",\"description\":\"Centre d&#039;artistes montr\u00e9alais en art num\u00e9rique.\",\"publisher\":{\"@id\":\"https:\/\/topo.art\/#organization\"},\"alternateName\":\"TOPO\",\"potentialAction\":[{\"@type\":\"SearchAction\",\"target\":{\"@type\":\"EntryPoint\",\"urlTemplate\":\"https:\/\/topo.art\/?s={search_term_string}\"},\"query-input\":{\"@type\":\"PropertyValueSpecification\",\"valueRequired\":true,\"valueName\":\"search_term_string\"}}],\"inLanguage\":\"en-CA\"},{\"@type\":\"Organization\",\"@id\":\"https:\/\/topo.art\/#organization\",\"name\":\"TOPO - Centre de cr\u00e9ation num\u00e9rique\",\"alternateName\":\"TOPO\",\"url\":\"https:\/\/topo.art\/\",\"logo\":{\"@type\":\"ImageObject\",\"inLanguage\":\"en-CA\",\"@id\":\"https:\/\/topo.art\/#\/schema\/logo\/image\/\",\"url\":\"https:\/\/topo.art\/chantier\/wp-content\/uploads\/2024\/01\/logo_topo2024.svg\",\"contentUrl\":\"https:\/\/topo.art\/chantier\/wp-content\/uploads\/2024\/01\/logo_topo2024.svg\",\"width\":887,\"height\":250,\"caption\":\"TOPO - Centre de cr\u00e9ation num\u00e9rique\"},\"image\":{\"@id\":\"https:\/\/topo.art\/#\/schema\/logo\/image\/\"},\"sameAs\":[\"https:\/\/www.facebook.com\/topomtl\",\"https:\/\/www.instagram.com\/topo_mtl\/\",\"https:\/\/bsky.app\/profile\/topo-mtl.bsky.social\"]}]}<\/script>\n<!-- \/ Yoast SEO plugin. -->","yoast_head_json":{"title":"Marcel | Pascale T\u00e9trault &#8226; TOPO - Centre de cr\u00e9ation num\u00e9rique","description":"Une sculpture en mouvement de l'artiste Pascale T\u00e9trault, m\u00ealant archives et po\u00e9sie, en exposition dans la vitrine de TOPO.","robots":{"index":"index","follow":"follow","max-snippet":"max-snippet:-1","max-image-preview":"max-image-preview:large","max-video-preview":"max-video-preview:-1"},"canonical":"https:\/\/topo.art\/en\/programmation\/marcel-pascale-tetrault\/","og_locale":"en_US","og_type":"article","og_title":"Marcel | Pascale T\u00e9trault &#8226; TOPO - Centre de cr\u00e9ation num\u00e9rique","og_description":"Une sculpture en mouvement de l'artiste Pascale T\u00e9trault, m\u00ealant archives et po\u00e9sie, en exposition dans la vitrine de TOPO.","og_url":"https:\/\/topo.art\/en\/programmation\/marcel-pascale-tetrault\/","og_site_name":"TOPO - Centre de cr\u00e9ation num\u00e9rique","article_publisher":"https:\/\/www.facebook.com\/topomtl","article_modified_time":"2025-05-08T20:36:51+00:00","og_image":[{"width":1920,"height":1080,"url":"https:\/\/topo.art\/chantier\/wp-content\/uploads\/2025\/02\/marcel_16x9.jpg","type":"image\/jpeg"}],"twitter_card":"summary_large_image","twitter_misc":{"Est. reading time":"3 minutes"},"schema":{"@context":"https:\/\/schema.org","@graph":[{"@type":"WebPage","@id":"https:\/\/topo.art\/programmation\/marcel-pascale-tetrault\/","url":"https:\/\/topo.art\/programmation\/marcel-pascale-tetrault\/","name":"Marcel | Pascale T\u00e9trault &#8226; TOPO - Centre de cr\u00e9ation num\u00e9rique","isPartOf":{"@id":"https:\/\/topo.art\/#website"},"primaryImageOfPage":{"@id":"https:\/\/topo.art\/programmation\/marcel-pascale-tetrault\/#primaryimage"},"image":{"@id":"https:\/\/topo.art\/programmation\/marcel-pascale-tetrault\/#primaryimage"},"thumbnailUrl":"https:\/\/i0.wp.com\/topo.art\/chantier\/wp-content\/uploads\/2025\/02\/marcel_16x9.jpg?fit=1920%2C1080&ssl=1","datePublished":"2025-04-01T16:52:50+00:00","dateModified":"2025-05-08T20:36:51+00:00","description":"Une sculpture en mouvement de l'artiste Pascale T\u00e9trault, m\u00ealant archives et po\u00e9sie, en exposition dans la vitrine de TOPO.","breadcrumb":{"@id":"https:\/\/topo.art\/programmation\/marcel-pascale-tetrault\/#breadcrumb"},"inLanguage":"en-CA","potentialAction":[{"@type":"ReadAction","target":["https:\/\/topo.art\/programmation\/marcel-pascale-tetrault\/"]}]},{"@type":"ImageObject","inLanguage":"en-CA","@id":"https:\/\/topo.art\/programmation\/marcel-pascale-tetrault\/#primaryimage","url":"https:\/\/i0.wp.com\/topo.art\/chantier\/wp-content\/uploads\/2025\/02\/marcel_16x9.jpg?fit=1920%2C1080&ssl=1","contentUrl":"https:\/\/i0.wp.com\/topo.art\/chantier\/wp-content\/uploads\/2025\/02\/marcel_16x9.jpg?fit=1920%2C1080&ssl=1","width":1920,"height":1080,"caption":"Deux personnes se tiennent debout sur une pelouse au bord d\u2019un plan d\u2019eau, d\u00e9roulant un long ruban de papier entre elles. L'une porte une veste beige et l'autre une veste fonc\u00e9e avec une casquette. Une bo\u00eete en bois est pos\u00e9e sur le sol \u00e0 proximit\u00e9. En arri\u00e8re-plan, on aper\u00e7oit des lignes \u00e9lectriques et un paysage ouvert sous un ciel clair."},{"@type":"BreadcrumbList","@id":"https:\/\/topo.art\/programmation\/marcel-pascale-tetrault\/#breadcrumb","itemListElement":[{"@type":"ListItem","position":1,"name":"Accueil","item":"https:\/\/topo.art\/"},{"@type":"ListItem","position":2,"name":"Marcel | Pascale T\u00e9trault"}]},{"@type":"WebSite","@id":"https:\/\/topo.art\/#website","url":"https:\/\/topo.art\/","name":"TOPO - Centre de cr\u00e9ation num\u00e9rique","description":"Centre d&#039;artistes montr\u00e9alais en art num\u00e9rique.","publisher":{"@id":"https:\/\/topo.art\/#organization"},"alternateName":"TOPO","potentialAction":[{"@type":"SearchAction","target":{"@type":"EntryPoint","urlTemplate":"https:\/\/topo.art\/?s={search_term_string}"},"query-input":{"@type":"PropertyValueSpecification","valueRequired":true,"valueName":"search_term_string"}}],"inLanguage":"en-CA"},{"@type":"Organization","@id":"https:\/\/topo.art\/#organization","name":"TOPO - Centre de cr\u00e9ation num\u00e9rique","alternateName":"TOPO","url":"https:\/\/topo.art\/","logo":{"@type":"ImageObject","inLanguage":"en-CA","@id":"https:\/\/topo.art\/#\/schema\/logo\/image\/","url":"https:\/\/topo.art\/chantier\/wp-content\/uploads\/2024\/01\/logo_topo2024.svg","contentUrl":"https:\/\/topo.art\/chantier\/wp-content\/uploads\/2024\/01\/logo_topo2024.svg","width":887,"height":250,"caption":"TOPO - Centre de cr\u00e9ation num\u00e9rique"},"image":{"@id":"https:\/\/topo.art\/#\/schema\/logo\/image\/"},"sameAs":["https:\/\/www.facebook.com\/topomtl","https:\/\/www.instagram.com\/topo_mtl\/","https:\/\/bsky.app\/profile\/topo-mtl.bsky.social"]}]}},"_links":{"self":[{"href":"https:\/\/topo.art\/en\/wp-json\/wp\/v2\/programmation\/7897","targetHints":{"allow":["GET"]}}],"collection":[{"href":"https:\/\/topo.art\/en\/wp-json\/wp\/v2\/programmation"}],"about":[{"href":"https:\/\/topo.art\/en\/wp-json\/wp\/v2\/types\/programmation"}],"version-history":[{"count":30,"href":"https:\/\/topo.art\/en\/wp-json\/wp\/v2\/programmation\/7897\/revisions"}],"predecessor-version":[{"id":8255,"href":"https:\/\/topo.art\/en\/wp-json\/wp\/v2\/programmation\/7897\/revisions\/8255"}],"wp:featuredmedia":[{"embeddable":true,"href":"https:\/\/topo.art\/en\/wp-json\/wp\/v2\/media\/7900"}],"wp:attachment":[{"href":"https:\/\/topo.art\/en\/wp-json\/wp\/v2\/media?parent=7897"}],"wp:term":[{"taxonomy":"post_tag","embeddable":true,"href":"https:\/\/topo.art\/en\/wp-json\/wp\/v2\/tags?post=7897"},{"taxonomy":"cat-prog","embeddable":true,"href":"https:\/\/topo.art\/en\/wp-json\/wp\/v2\/cat-prog?post=7897"}],"curies":[{"name":"wp","href":"https:\/\/api.w.org\/{rel}","templated":true}]}}